{"id":847,"date":"2024-04-30T10:56:41","date_gmt":"2024-04-30T08:56:41","guid":{"rendered":"https:\/\/mc-faustvrancic.com\/?page_id=847"},"modified":"2024-06-06T20:51:16","modified_gmt":"2024-06-06T18:51:16","slug":"natjecaji","status":"publish","type":"page","link":"https:\/\/mc-faustvrancic.com\/en\/dokumenti\/natjecaji\/","title":{"rendered":"Applications"},"content":{"rendered":"<div data-elementor-type=\"wp-page\" data-elementor-id=\"847\" class=\"elementor elementor-847\" data-elementor-post-type=\"page\">\n\t\t\t\t<div data-particle_enable=\"false\" data-particle-mobile-disabled=\"false\" class=\"elementor-element elementor-element-2e0ab40 e-con-full e-flex e-con e-parent\" data-id=\"2e0ab40\" data-element_type=\"container\" data-settings=\"{&quot;background_background&quot;:&quot;classic&quot;}\">\n\t\t\t\t<\/div>\n\t\t<div data-particle_enable=\"false\" data-particle-mobile-disabled=\"false\" class=\"elementor-element elementor-element-78971ba e-flex e-con-boxed e-con e-parent\" data-id=\"78971ba\" data-element_type=\"container\">\n\t\t\t\t\t<div class=\"e-con-inner\">\n\t\t\t\t<div class=\"elementor-element elementor-element-8764358 elementor-widget elementor-widget-shortcode\" data-id=\"8764358\" data-element_type=\"widget\" data-widget_type=\"shortcode.default\">\n\t\t\t\t<div class=\"elementor-widget-container\">\n\t\t\t\t\t\t\t<div class=\"elementor-shortcode\">            <table class=\"table-home\">\n                <thead class=\"table-home-head\">\n                    <tr>\n                        <th>DOCUMENT TITLE<\/th>\n                        <th>DOCUMENT<\/th>\n                    <\/tr>\n                <\/thead>\n                <tbody>\n                                    <tr class=\"table-home-year\">\n                        <td colspan=\"2\"><strong>2023. year<\/strong><\/td>\n                    <\/tr>\n                                                <tr>\n                                <td class=\"table td\">Javni natje\u010daj za radno mjesto financijsko-knjigovodstveni referent<\/td>\n                                <td class=\"th-home\">\n                                    <a  class=\"_3d-flip-book  fb3d-link-lightbox-mode\" data-id=\"0\" data-mode=\"link-lightbox\" data-title=\"false\" data-template=\"short-white-book-view\" data-lightbox=\"dark-shadow\" data-urlparam=\"fb3d-page\" data-page-n=\"0\" data-pdf=\"https:\/\/mc-faustvrancic.com\/wp-content\/uploads\/2024\/06\/natjecaj-financijski.pdf\" data-tax=\"null\" data-thumbnail=\"\" data-cols=\"3\" data-book-template=\"default\" data-trigger=\"\"><span class=\"custom-flipbook-button-documents flipbook-trigger\" role=\"button\" tabindex=\"0\">\n                                                    <i class=\"fas fa-file-pdf pdf-icon\" aria-hidden=\"true\"><\/i> Read PDF\n                                                 <\/span><\/a>                                <\/td>\n                            <\/tr>\n                                                        <tr>\n                                <td class=\"table td\">Obavijest o ishodu natje\u010dajnog postupka<\/td>\n                                <td class=\"th-home\">\n                                    <a  class=\"_3d-flip-book  fb3d-link-lightbox-mode\" data-id=\"0\" data-mode=\"link-lightbox\" data-title=\"false\" data-template=\"short-white-book-view\" data-lightbox=\"dark-shadow\" data-urlparam=\"fb3d-page\" data-page-n=\"0\" data-pdf=\"https:\/\/mc-faustvrancic.com\/wp-content\/uploads\/2024\/06\/obavijest-o-ishodu-natjecajnog-postupka-financijski.pdf\" data-tax=\"null\" data-thumbnail=\"\" data-cols=\"3\" data-book-template=\"default\" data-trigger=\"\"><span class=\"custom-flipbook-button-documents flipbook-trigger\" role=\"button\" tabindex=\"0\">\n                                                    <i class=\"fas fa-file-pdf pdf-icon\" aria-hidden=\"true\"><\/i> Read PDF\n                                                 <\/span><\/a>                                <\/td>\n                            <\/tr>\n                                                <tr class=\"table-home-year\">\n                        <td colspan=\"2\"><strong>2022. year<\/strong><\/td>\n                    <\/tr>\n                                                <tr>\n                                <td class=\"table td\">Javni natje\u010daj za imenovanje ravnatelja MC Faust Vran\u010di\u0107<\/td>\n                                <td class=\"th-home\">\n                                    <a  class=\"_3d-flip-book  fb3d-link-lightbox-mode\" data-id=\"0\" data-mode=\"link-lightbox\" data-title=\"false\" data-template=\"short-white-book-view\" data-lightbox=\"dark-shadow\" data-urlparam=\"fb3d-page\" data-page-n=\"0\" data-pdf=\"https:\/\/mc-faustvrancic.com\/wp-content\/uploads\/2024\/06\/javni-natjecaj-za-ravnatelja-MC-FV.pdf\" data-tax=\"null\" data-thumbnail=\"\" data-cols=\"3\" data-book-template=\"default\" data-trigger=\"\"><span class=\"custom-flipbook-button-documents flipbook-trigger\" role=\"button\" tabindex=\"0\">\n                                                    <i class=\"fas fa-file-pdf pdf-icon\" aria-hidden=\"true\"><\/i> Read PDF\n                                                 <\/span><\/a>                                <\/td>\n                            <\/tr>\n                                                        <tr>\n                                <td class=\"table td\">Poziv za intervju za imenovanje ravnatelja MC Faust Vran\u010di\u0107<\/td>\n                                <td class=\"th-home\">\n                                    <a  class=\"_3d-flip-book  fb3d-link-lightbox-mode\" data-id=\"0\" data-mode=\"link-lightbox\" data-title=\"false\" data-template=\"short-white-book-view\" data-lightbox=\"dark-shadow\" data-urlparam=\"fb3d-page\" data-page-n=\"0\" data-pdf=\"https:\/\/mc-faustvrancic.com\/wp-content\/uploads\/2024\/06\/Poziv-na-intervju.pdf\" data-tax=\"null\" data-thumbnail=\"\" data-cols=\"3\" data-book-template=\"default\" data-trigger=\"\"><span class=\"custom-flipbook-button-documents flipbook-trigger\" role=\"button\" tabindex=\"0\">\n                                                    <i class=\"fas fa-file-pdf pdf-icon\" aria-hidden=\"true\"><\/i> Read PDF\n                                                 <\/span><\/a>                                <\/td>\n                            <\/tr>\n                                                        <tr>\n                                <td class=\"table td\">Obavijest o ishodu natje\u010dajnog postupka<\/td>\n                                <td class=\"th-home\">\n                                    <a  class=\"_3d-flip-book  fb3d-link-lightbox-mode\" data-id=\"0\" data-mode=\"link-lightbox\" data-title=\"false\" data-template=\"short-white-book-view\" data-lightbox=\"dark-shadow\" data-urlparam=\"fb3d-page\" data-page-n=\"0\" data-pdf=\"https:\/\/mc-faustvrancic.com\/wp-content\/uploads\/2024\/06\/Obavijest-o-ishodu-natjecajnog-postupka.pdf\" data-tax=\"null\" data-thumbnail=\"\" data-cols=\"3\" data-book-template=\"default\" data-trigger=\"\"><span class=\"custom-flipbook-button-documents flipbook-trigger\" role=\"button\" tabindex=\"0\">\n                                                    <i class=\"fas fa-file-pdf pdf-icon\" aria-hidden=\"true\"><\/i> Read PDF\n                                                 <\/span><\/a>                                <\/td>\n                            <\/tr>\n                                                <tr class=\"table-home-year\">\n                        <td colspan=\"2\"><strong>2021. year<\/strong><\/td>\n                    <\/tr>\n                                                <tr>\n                                <td class=\"table td\">Natje\u010daj za radna mjesta stru\u010dni suradnik za interpretaciju i promociju i \u010dista\u010d\/icu<\/td>\n                                <td class=\"th-home\">\n                                    <a  class=\"_3d-flip-book  fb3d-link-lightbox-mode\" data-id=\"0\" data-mode=\"link-lightbox\" data-title=\"false\" data-template=\"short-white-book-view\" data-lightbox=\"dark-shadow\" data-urlparam=\"fb3d-page\" data-page-n=\"0\" data-pdf=\"https:\/\/mc-faustvrancic.com\/wp-content\/uploads\/2024\/06\/natjecaj-suradnik-i-cistacica.pdf\" data-tax=\"null\" data-thumbnail=\"\" data-cols=\"3\" data-book-template=\"default\" data-trigger=\"\"><span class=\"custom-flipbook-button-documents flipbook-trigger\" role=\"button\" tabindex=\"0\">\n                                                    <i class=\"fas fa-file-pdf pdf-icon\" aria-hidden=\"true\"><\/i> Read PDF\n                                                 <\/span><\/a>                                <\/td>\n                            <\/tr>\n                                                        <tr>\n                                <td class=\"table td\">Obavijest u svezi provedbe natje\u010daja za zasnivanje radnog odnosa na radno mjesto stru\u010dni suradnik za interpretaciju i promociju i \u010dista\u010d\/ica<\/td>\n                                <td class=\"th-home\">\n                                    <a  class=\"_3d-flip-book  fb3d-link-lightbox-mode\" data-id=\"0\" data-mode=\"link-lightbox\" data-title=\"false\" data-template=\"short-white-book-view\" data-lightbox=\"dark-shadow\" data-urlparam=\"fb3d-page\" data-page-n=\"0\" data-pdf=\"https:\/\/mc-faustvrancic.com\/wp-content\/uploads\/2024\/06\/OBAVIJEST.pdf\" data-tax=\"null\" data-thumbnail=\"\" data-cols=\"3\" data-book-template=\"default\" data-trigger=\"\"><span class=\"custom-flipbook-button-documents flipbook-trigger\" role=\"button\" tabindex=\"0\">\n                                                    <i class=\"fas fa-file-pdf pdf-icon\" aria-hidden=\"true\"><\/i> Read PDF\n                                                 <\/span><\/a>                                <\/td>\n                            <\/tr>\n                                                        <tr>\n                                <td class=\"table td\">Poziv na kvalifikacijski razgovor<\/td>\n                                <td class=\"th-home\">\n                                    <a  class=\"_3d-flip-book  fb3d-link-lightbox-mode\" data-id=\"0\" data-mode=\"link-lightbox\" data-title=\"false\" data-template=\"short-white-book-view\" data-lightbox=\"dark-shadow\" data-urlparam=\"fb3d-page\" data-page-n=\"0\" data-pdf=\"https:\/\/mc-faustvrancic.com\/wp-content\/uploads\/2024\/06\/Poziv-na-kvalifikacijski-razgovor.pdf\" data-tax=\"null\" data-thumbnail=\"\" data-cols=\"3\" data-book-template=\"default\" data-trigger=\"\"><span class=\"custom-flipbook-button-documents flipbook-trigger\" role=\"button\" tabindex=\"0\">\n                                                    <i class=\"fas fa-file-pdf pdf-icon\" aria-hidden=\"true\"><\/i> Read PDF\n                                                 <\/span><\/a>                                <\/td>\n                            <\/tr>\n                                                        <tr>\n                                <td class=\"table td\">Odluka o izboru kandidata-stru\u010dni suradnik za interpretaciju i promociju<\/td>\n                                <td class=\"th-home\">\n                                    <a  class=\"_3d-flip-book  fb3d-link-lightbox-mode\" data-id=\"0\" data-mode=\"link-lightbox\" data-title=\"false\" data-template=\"short-white-book-view\" data-lightbox=\"dark-shadow\" data-urlparam=\"fb3d-page\" data-page-n=\"0\" data-pdf=\"https:\/\/mc-faustvrancic.com\/wp-content\/uploads\/2024\/06\/Odluka-o-izboru-strucni-suradnik.pdf\" data-tax=\"null\" data-thumbnail=\"\" data-cols=\"3\" data-book-template=\"default\" data-trigger=\"\"><span class=\"custom-flipbook-button-documents flipbook-trigger\" role=\"button\" tabindex=\"0\">\n                                                    <i class=\"fas fa-file-pdf pdf-icon\" aria-hidden=\"true\"><\/i> Read PDF\n                                                 <\/span><\/a>                                <\/td>\n                            <\/tr>\n                                                        <tr>\n                                <td class=\"table td\">Odluka o izboru kandidata \u2013 \u010dista\u010d\/ica<\/td>\n                                <td class=\"th-home\">\n                                    <a  class=\"_3d-flip-book  fb3d-link-lightbox-mode\" data-id=\"0\" data-mode=\"link-lightbox\" data-title=\"false\" data-template=\"short-white-book-view\" data-lightbox=\"dark-shadow\" data-urlparam=\"fb3d-page\" data-page-n=\"0\" data-pdf=\"https:\/\/mc-faustvrancic.com\/wp-content\/uploads\/2024\/06\/Odluka-o-izboru-cistacica.pdf\" data-tax=\"null\" data-thumbnail=\"\" data-cols=\"3\" data-book-template=\"default\" data-trigger=\"\"><span class=\"custom-flipbook-button-documents flipbook-trigger\" role=\"button\" tabindex=\"0\">\n                                                    <i class=\"fas fa-file-pdf pdf-icon\" aria-hidden=\"true\"><\/i> Read PDF\n                                                 <\/span><\/a>                                <\/td>\n                            <\/tr>\n                                                        <tr>\n                                <td class=\"table td\">Odluka o izboru kandidata \u2013 stru\u010dni suradnik za interpretaciju i promociju<\/td>\n                                <td class=\"th-home\">\n                                    <a  class=\"_3d-flip-book  fb3d-link-lightbox-mode\" data-id=\"0\" data-mode=\"link-lightbox\" data-title=\"false\" data-template=\"short-white-book-view\" data-lightbox=\"dark-shadow\" data-urlparam=\"fb3d-page\" data-page-n=\"0\" data-pdf=\"https:\/\/mc-faustvrancic.com\/wp-content\/uploads\/2024\/06\/Odluka-o-izboru-strucni-suradnik-1.pdf\" data-tax=\"null\" data-thumbnail=\"\" data-cols=\"3\" data-book-template=\"default\" data-trigger=\"\"><span class=\"custom-flipbook-button-documents flipbook-trigger\" role=\"button\" tabindex=\"0\">\n                                                    <i class=\"fas fa-file-pdf pdf-icon\" aria-hidden=\"true\"><\/i> Read PDF\n                                                 <\/span><\/a>                                <\/td>\n                            <\/tr>\n                                                <tr class=\"table-home-year\">\n                        <td colspan=\"2\"><strong>2018. year<\/strong><\/td>\n                    <\/tr>\n                                                <tr>\n                                <td class=\"table td\">Natje\u010daj za prikupljanje pismenih ponuda za davanje u zakup poslovnog prostora u zgradi Memorijalnog centra \u201dFaust Vran\u010di\u0107\u201d<\/td>\n                                <td class=\"th-home\">\n                                                                            <button type=\"button\" class=\"custom-flipbook-button-documents custom-warning-button\" disabled>\n                                            <i class=\"fa-solid fa-triangle-exclamation\" aria-hidden=\"true\"><\/i> No Document\n                                        <\/button>\n                                                                        <\/td>\n                            <\/tr>\n                                                <tr class=\"table-home-year\">\n                        <td colspan=\"2\"><strong>2017. year<\/strong><\/td>\n                    <\/tr>\n                                                <tr>\n                                <td class=\"table td\">Natje\u010daj za ravnatelja MC \u201cFaust Vran\u010di\u0107\u201d<\/td>\n                                <td class=\"th-home\">\n                                                                            <button type=\"button\" class=\"custom-flipbook-button-documents custom-warning-button\" disabled>\n                                            <i class=\"fa-solid fa-triangle-exclamation\" aria-hidden=\"true\"><\/i> No Document\n                                        <\/button>\n                                                                        <\/td>\n                            <\/tr>\n                                            <\/tbody>\n            <\/table>\n        <\/div>\n\t\t\t\t\t\t<\/div>\n\t\t\t\t<\/div>\n\t\t\t\t\t<\/div>\n\t\t\t\t<\/div>\n\t\t\t\t<\/div>","protected":false},"excerpt":{"rendered":"","protected":false},"author":1,"featured_media":0,"parent":73,"menu_order":0,"comment_status":"closed","ping_status":"closed","template":"","meta":{"_acf_changed":false,"footnotes":""},"class_list":["post-847","page","type-page","status-publish","hentry"],"acf":[],"yoast_head":"<!-- This site is optimized with the Yoast SEO plugin v26.8 - https:\/\/yoast.com\/product\/yoast-seo-wordpress\/ -->\n<title>Natje\u010daji - Memorijalni centar Faust Vran\u010di\u0107<\/title>\n<meta name=\"robots\" content=\"index, follow, max-snippet:-1, max-image-preview:large, max-video-preview:-1\" \/>\n<link rel=\"canonical\" href=\"https:\/\/mc-faustvrancic.com\/en\/dokumenti\/natjecaji\/\" \/>\n<meta property=\"og:locale\" content=\"en_GB\" \/>\n<meta property=\"og:type\" content=\"article\" \/>\n<meta property=\"og:title\" content=\"Natje\u010daji - Memorijalni centar Faust Vran\u010di\u0107\" \/>\n<meta property=\"og:url\" content=\"https:\/\/mc-faustvrancic.com\/en\/dokumenti\/natjecaji\/\" \/>\n<meta property=\"og:site_name\" content=\"Memorijalni centar Faust Vran\u010di\u0107\" \/>\n<meta property=\"article:publisher\" content=\"https:\/\/web.facebook.com\/mcfaustvrancic\/\" \/>\n<meta property=\"article:modified_time\" content=\"2024-06-06T18:51:16+00:00\" \/>\n<meta property=\"og:image\" content=\"https:\/\/mc-faustvrancic.com\/wp-content\/uploads\/2024\/05\/Memorijalni-centar-Faust-Vranicic-10.jpg\" \/>\n\t<meta property=\"og:image:width\" content=\"1000\" \/>\n\t<meta property=\"og:image:height\" content=\"668\" \/>\n\t<meta property=\"og:image:type\" content=\"image\/jpeg\" \/>\n<meta name=\"twitter:card\" content=\"summary_large_image\" \/>\n<meta name=\"twitter:label1\" content=\"Estimated reading time\" \/>\n\t<meta name=\"twitter:data1\" content=\"1 minute\" \/>\n<script type=\"application\/ld+json\" class=\"yoast-schema-graph\">{\"@context\":\"https:\/\/schema.org\",\"@graph\":[{\"@type\":\"WebPage\",\"@id\":\"https:\/\/mc-faustvrancic.com\/dokumenti\/natjecaji\/\",\"url\":\"https:\/\/mc-faustvrancic.com\/dokumenti\/natjecaji\/\",\"name\":\"Natje\u010daji - Memorijalni centar Faust Vran\u010di\u0107\",\"isPartOf\":{\"@id\":\"https:\/\/mc-faustvrancic.com\/#website\"},\"datePublished\":\"2024-04-30T08:56:41+00:00\",\"dateModified\":\"2024-06-06T18:51:16+00:00\",\"breadcrumb\":{\"@id\":\"https:\/\/mc-faustvrancic.com\/dokumenti\/natjecaji\/#breadcrumb\"},\"inLanguage\":\"en-GB\",\"potentialAction\":[{\"@type\":\"ReadAction\",\"target\":[\"https:\/\/mc-faustvrancic.com\/dokumenti\/natjecaji\/\"]}]},{\"@type\":\"BreadcrumbList\",\"@id\":\"https:\/\/mc-faustvrancic.com\/dokumenti\/natjecaji\/#breadcrumb\",\"itemListElement\":[{\"@type\":\"ListItem\",\"position\":1,\"name\":\"Po\u010detna stranica\",\"item\":\"https:\/\/mc-faustvrancic.com\/\"},{\"@type\":\"ListItem\",\"position\":2,\"name\":\"Dokumenti\",\"item\":\"https:\/\/mc-faustvrancic.com\/dokumenti\/\"},{\"@type\":\"ListItem\",\"position\":3,\"name\":\"Natje\u010daji\"}]},{\"@type\":\"WebSite\",\"@id\":\"https:\/\/mc-faustvrancic.com\/#website\",\"url\":\"https:\/\/mc-faustvrancic.com\/\",\"name\":\"Memorijalni centar Faust Vran\u010di\u0107\",\"description\":\"\",\"publisher\":{\"@id\":\"https:\/\/mc-faustvrancic.com\/#organization\"},\"alternateName\":\"MC Faust Vran\u010di\u0107\",\"potentialAction\":[{\"@type\":\"SearchAction\",\"target\":{\"@type\":\"EntryPoint\",\"urlTemplate\":\"https:\/\/mc-faustvrancic.com\/?s={search_term_string}\"},\"query-input\":{\"@type\":\"PropertyValueSpecification\",\"valueRequired\":true,\"valueName\":\"search_term_string\"}}],\"inLanguage\":\"en-GB\"},{\"@type\":\"Organization\",\"@id\":\"https:\/\/mc-faustvrancic.com\/#organization\",\"name\":\"Memorijalni centar Faust Vran\u010di\u0107\",\"alternateName\":\"MC Faust Vran\u010di\u0107\",\"url\":\"https:\/\/mc-faustvrancic.com\/\",\"logo\":{\"@type\":\"ImageObject\",\"inLanguage\":\"en-GB\",\"@id\":\"https:\/\/mc-faustvrancic.com\/#\/schema\/logo\/image\/\",\"url\":\"https:\/\/mc-faustvrancic.com\/wp-content\/uploads\/2024\/04\/logo-crni.png\",\"contentUrl\":\"https:\/\/mc-faustvrancic.com\/wp-content\/uploads\/2024\/04\/logo-crni.png\",\"width\":265,\"height\":105,\"caption\":\"Memorijalni centar Faust Vran\u010di\u0107\"},\"image\":{\"@id\":\"https:\/\/mc-faustvrancic.com\/#\/schema\/logo\/image\/\"},\"sameAs\":[\"https:\/\/web.facebook.com\/mcfaustvrancic\/\",\"https:\/\/www.instagram.com\/mc_faustvrancic\/?hl=en&fbclid=IwAR3-lbIw4tS0ZANoVqEKrrp9z8DwHtc19D8cB-ZTRDNj_jnack8SHd6OaEA\",\"https:\/\/www.youtube.com\/channel\/UCcG32Ni5Grugo6ZdoE4mXkQ\"]}]}<\/script>\n<!-- \/ Yoast SEO plugin. -->","yoast_head_json":{"title":"Natje\u010daji - Memorijalni centar Faust Vran\u010di\u0107","robots":{"index":"index","follow":"follow","max-snippet":"max-snippet:-1","max-image-preview":"max-image-preview:large","max-video-preview":"max-video-preview:-1"},"canonical":"https:\/\/mc-faustvrancic.com\/en\/dokumenti\/natjecaji\/","og_locale":"en_GB","og_type":"article","og_title":"Natje\u010daji - Memorijalni centar Faust Vran\u010di\u0107","og_url":"https:\/\/mc-faustvrancic.com\/en\/dokumenti\/natjecaji\/","og_site_name":"Memorijalni centar Faust Vran\u010di\u0107","article_publisher":"https:\/\/web.facebook.com\/mcfaustvrancic\/","article_modified_time":"2024-06-06T18:51:16+00:00","og_image":[{"width":1000,"height":668,"url":"https:\/\/mc-faustvrancic.com\/wp-content\/uploads\/2024\/05\/Memorijalni-centar-Faust-Vranicic-10.jpg","type":"image\/jpeg"}],"twitter_card":"summary_large_image","twitter_misc":{"Estimated reading time":"1 minute"},"schema":{"@context":"https:\/\/schema.org","@graph":[{"@type":"WebPage","@id":"https:\/\/mc-faustvrancic.com\/dokumenti\/natjecaji\/","url":"https:\/\/mc-faustvrancic.com\/dokumenti\/natjecaji\/","name":"Natje\u010daji - Memorijalni centar Faust Vran\u010di\u0107","isPartOf":{"@id":"https:\/\/mc-faustvrancic.com\/#website"},"datePublished":"2024-04-30T08:56:41+00:00","dateModified":"2024-06-06T18:51:16+00:00","breadcrumb":{"@id":"https:\/\/mc-faustvrancic.com\/dokumenti\/natjecaji\/#breadcrumb"},"inLanguage":"en-GB","potentialAction":[{"@type":"ReadAction","target":["https:\/\/mc-faustvrancic.com\/dokumenti\/natjecaji\/"]}]},{"@type":"BreadcrumbList","@id":"https:\/\/mc-faustvrancic.com\/dokumenti\/natjecaji\/#breadcrumb","itemListElement":[{"@type":"ListItem","position":1,"name":"Po\u010detna stranica","item":"https:\/\/mc-faustvrancic.com\/"},{"@type":"ListItem","position":2,"name":"Dokumenti","item":"https:\/\/mc-faustvrancic.com\/dokumenti\/"},{"@type":"ListItem","position":3,"name":"Natje\u010daji"}]},{"@type":"WebSite","@id":"https:\/\/mc-faustvrancic.com\/#website","url":"https:\/\/mc-faustvrancic.com\/","name":"Memorijalni centar Faust Vran\u010di\u0107","description":"","publisher":{"@id":"https:\/\/mc-faustvrancic.com\/#organization"},"alternateName":"MC Faust Vran\u010di\u0107","potentialAction":[{"@type":"SearchAction","target":{"@type":"EntryPoint","urlTemplate":"https:\/\/mc-faustvrancic.com\/?s={search_term_string}"},"query-input":{"@type":"PropertyValueSpecification","valueRequired":true,"valueName":"search_term_string"}}],"inLanguage":"en-GB"},{"@type":"Organization","@id":"https:\/\/mc-faustvrancic.com\/#organization","name":"Memorijalni centar Faust Vran\u010di\u0107","alternateName":"MC Faust Vran\u010di\u0107","url":"https:\/\/mc-faustvrancic.com\/","logo":{"@type":"ImageObject","inLanguage":"en-GB","@id":"https:\/\/mc-faustvrancic.com\/#\/schema\/logo\/image\/","url":"https:\/\/mc-faustvrancic.com\/wp-content\/uploads\/2024\/04\/logo-crni.png","contentUrl":"https:\/\/mc-faustvrancic.com\/wp-content\/uploads\/2024\/04\/logo-crni.png","width":265,"height":105,"caption":"Memorijalni centar Faust Vran\u010di\u0107"},"image":{"@id":"https:\/\/mc-faustvrancic.com\/#\/schema\/logo\/image\/"},"sameAs":["https:\/\/web.facebook.com\/mcfaustvrancic\/","https:\/\/www.instagram.com\/mc_faustvrancic\/?hl=en&fbclid=IwAR3-lbIw4tS0ZANoVqEKrrp9z8DwHtc19D8cB-ZTRDNj_jnack8SHd6OaEA","https:\/\/www.youtube.com\/channel\/UCcG32Ni5Grugo6ZdoE4mXkQ"]}]}},"_links":{"self":[{"href":"https:\/\/mc-faustvrancic.com\/en\/wp-json\/wp\/v2\/pages\/847","targetHints":{"allow":["GET"]}}],"collection":[{"href":"https:\/\/mc-faustvrancic.com\/en\/wp-json\/wp\/v2\/pages"}],"about":[{"href":"https:\/\/mc-faustvrancic.com\/en\/wp-json\/wp\/v2\/types\/page"}],"author":[{"embeddable":true,"href":"https:\/\/mc-faustvrancic.com\/en\/wp-json\/wp\/v2\/users\/1"}],"replies":[{"embeddable":true,"href":"https:\/\/mc-faustvrancic.com\/en\/wp-json\/wp\/v2\/comments?post=847"}],"version-history":[{"count":0,"href":"https:\/\/mc-faustvrancic.com\/en\/wp-json\/wp\/v2\/pages\/847\/revisions"}],"up":[{"embeddable":true,"href":"https:\/\/mc-faustvrancic.com\/en\/wp-json\/wp\/v2\/pages\/73"}],"wp:attachment":[{"href":"https:\/\/mc-faustvrancic.com\/en\/wp-json\/wp\/v2\/media?parent=847"}],"curies":[{"name":"wp","href":"https:\/\/api.w.org\/{rel}","templated":true}]}}