{"id":412,"date":"2024-04-18T22:59:46","date_gmt":"2024-04-18T20:59:46","guid":{"rendered":"https:\/\/mc-faustvrancic.com\/?page_id=412"},"modified":"2024-06-04T22:48:38","modified_gmt":"2024-06-04T20:48:38","slug":"vazeci-akti","status":"publish","type":"page","link":"https:\/\/mc-faustvrancic.com\/en\/dokumenti\/vazeci-akti\/","title":{"rendered":"Valid acts"},"content":{"rendered":"<div data-elementor-type=\"wp-page\" data-elementor-id=\"412\" class=\"elementor elementor-412\" data-elementor-post-type=\"page\">\n\t\t\t\t<div data-particle_enable=\"false\" data-particle-mobile-disabled=\"false\" class=\"elementor-element elementor-element-2e0ab40 e-con-full e-flex e-con e-parent\" data-id=\"2e0ab40\" data-element_type=\"container\" data-settings=\"{&quot;background_background&quot;:&quot;classic&quot;}\">\n\t\t\t\t<\/div>\n\t\t<div data-particle_enable=\"false\" data-particle-mobile-disabled=\"false\" class=\"elementor-element elementor-element-78971ba e-flex e-con-boxed e-con e-parent\" data-id=\"78971ba\" data-element_type=\"container\">\n\t\t\t\t\t<div class=\"e-con-inner\">\n\t\t\t\t<div class=\"elementor-element elementor-element-8764358 elementor-widget elementor-widget-shortcode\" data-id=\"8764358\" data-element_type=\"widget\" data-widget_type=\"shortcode.default\">\n\t\t\t\t<div class=\"elementor-widget-container\">\n\t\t\t\t\t\t\t<div class=\"elementor-shortcode\">            <table class=\"table-home\">\n                <thead class=\"table-home-head\">\n                    <tr>\n                        <th>DOCUMENT TITLE<\/th>\n                        <th>DOCUMENT<\/th>\n                    <\/tr>\n                <\/thead>\n                <tbody>\n                                    <tr>\n                        <td class=\"table td\">Decision to establish MC Faust Vran\u010di\u0107 Institution<\/td>\n                        <td class=\"th-home\">\n                            <a  class=\"_3d-flip-book  fb3d-link-lightbox-mode\" data-id=\"0\" data-mode=\"link-lightbox\" data-title=\"false\" data-template=\"short-white-book-view\" data-lightbox=\"dark-shadow\" data-urlparam=\"fb3d-page\" data-page-n=\"0\" data-pdf=\"https:\/\/mc-faustvrancic.com\/wp-content\/uploads\/2024\/04\/Odluka-o-osnivanju-Ustanove-u-kulturi-MCFV-u-Prvic-Luci-procisceni-tekst.pdf\" data-tax=\"null\" data-thumbnail=\"\" data-cols=\"3\" data-book-template=\"default\" data-trigger=\"\"><span class=\"custom-flipbook-button-documents flipbook-trigger\" role=\"button\" tabindex=\"0\">\n                                            <i class=\"fas fa-file-pdf pdf-icon\" aria-hidden=\"true\"><\/i> Read PDF\n                                         <\/span><\/a>                        <\/td>\n                    <\/tr>\n                                        <tr>\n                        <td class=\"table td\">Statute MC FaustVran\u010di\u0107<\/td>\n                        <td class=\"th-home\">\n                            <a  class=\"_3d-flip-book  fb3d-link-lightbox-mode\" data-id=\"0\" data-mode=\"link-lightbox\" data-title=\"false\" data-template=\"short-white-book-view\" data-lightbox=\"dark-shadow\" data-urlparam=\"fb3d-page\" data-page-n=\"0\" data-pdf=\"https:\/\/mc-faustvrancic.com\/wp-content\/uploads\/2024\/04\/Statut-MCFV-procisceni-tekst-05.10.2022.pdf\" data-tax=\"null\" data-thumbnail=\"\" data-cols=\"3\" data-book-template=\"default\" data-trigger=\"\"><span class=\"custom-flipbook-button-documents flipbook-trigger\" role=\"button\" tabindex=\"0\">\n                                            <i class=\"fas fa-file-pdf pdf-icon\" aria-hidden=\"true\"><\/i> Read PDF\n                                         <\/span><\/a>                        <\/td>\n                    <\/tr>\n                                        <tr>\n                        <td class=\"table td\">Statutarna Odluka o izmjeni Statuta - 27.9.2022.<\/td>\n                        <td class=\"th-home\">\n                            <a  class=\"_3d-flip-book  fb3d-link-lightbox-mode\" data-id=\"0\" data-mode=\"link-lightbox\" data-title=\"false\" data-template=\"short-white-book-view\" data-lightbox=\"dark-shadow\" data-urlparam=\"fb3d-page\" data-page-n=\"0\" data-pdf=\"https:\/\/mc-faustvrancic.com\/wp-content\/uploads\/2024\/04\/Statutarna-Odluka-o-izmjeni-statuta-27.9.2022.pdf\" data-tax=\"null\" data-thumbnail=\"\" data-cols=\"3\" data-book-template=\"default\" data-trigger=\"\"><span class=\"custom-flipbook-button-documents flipbook-trigger\" role=\"button\" tabindex=\"0\">\n                                            <i class=\"fas fa-file-pdf pdf-icon\" aria-hidden=\"true\"><\/i> Read PDF\n                                         <\/span><\/a>                        <\/td>\n                    <\/tr>\n                                        <tr>\n                        <td class=\"table td\">Statutarna Odluka o izmjeni Statuta - 28.2.2022.<\/td>\n                        <td class=\"th-home\">\n                            <a  class=\"_3d-flip-book  fb3d-link-lightbox-mode\" data-id=\"0\" data-mode=\"link-lightbox\" data-title=\"false\" data-template=\"short-white-book-view\" data-lightbox=\"dark-shadow\" data-urlparam=\"fb3d-page\" data-page-n=\"0\" data-pdf=\"https:\/\/mc-faustvrancic.com\/wp-content\/uploads\/2024\/04\/Statutarna-Odluka-o-izmjeni-statuta-28.2.2022.pdf\" data-tax=\"null\" data-thumbnail=\"\" data-cols=\"3\" data-book-template=\"default\" data-trigger=\"\"><span class=\"custom-flipbook-button-documents flipbook-trigger\" role=\"button\" tabindex=\"0\">\n                                            <i class=\"fas fa-file-pdf pdf-icon\" aria-hidden=\"true\"><\/i> Read PDF\n                                         <\/span><\/a>                        <\/td>\n                    <\/tr>\n                                        <tr>\n                        <td class=\"table td\">Zakon o ustanovama NN 76\/93, NN 29\/97, NN 47\/99-ispravak, NN 35\/08, NN 127\/19, NN 151\/22<\/td>\n                        <td class=\"th-home\">\n                            <a  class=\"_3d-flip-book  fb3d-link-lightbox-mode\" data-id=\"0\" data-mode=\"link-lightbox\" data-title=\"false\" data-template=\"short-white-book-view\" data-lightbox=\"dark-shadow\" data-urlparam=\"fb3d-page\" data-page-n=\"0\" data-pdf=\"https:\/\/mc-faustvrancic.com\/wp-content\/uploads\/2024\/04\/zakon-o-ustanovama-v6.pdf\" data-tax=\"null\" data-thumbnail=\"\" data-cols=\"3\" data-book-template=\"default\" data-trigger=\"\"><span class=\"custom-flipbook-button-documents flipbook-trigger\" role=\"button\" tabindex=\"0\">\n                                            <i class=\"fas fa-file-pdf pdf-icon\" aria-hidden=\"true\"><\/i> Read PDF\n                                         <\/span><\/a>                        <\/td>\n                    <\/tr>\n                                        <tr>\n                        <td class=\"table td\">The Law on Cultural Councils NN 83\/2022<\/td>\n                        <td class=\"th-home\">\n                            <a  class=\"_3d-flip-book  fb3d-link-lightbox-mode\" data-id=\"0\" data-mode=\"link-lightbox\" data-title=\"false\" data-template=\"short-white-book-view\" data-lightbox=\"dark-shadow\" data-urlparam=\"fb3d-page\" data-page-n=\"0\" data-pdf=\"https:\/\/mc-faustvrancic.com\/wp-content\/uploads\/2024\/04\/Zakon-o-kulturnim-vijecima-i-financiranju-javnih-potreba-u-kulturi.pdf\" data-tax=\"null\" data-thumbnail=\"\" data-cols=\"3\" data-book-template=\"default\" data-trigger=\"\"><span class=\"custom-flipbook-button-documents flipbook-trigger\" role=\"button\" tabindex=\"0\">\n                                            <i class=\"fas fa-file-pdf pdf-icon\" aria-hidden=\"true\"><\/i> Read PDF\n                                         <\/span><\/a>                        <\/td>\n                    <\/tr>\n                                        <tr>\n                        <td class=\"table td\">Strategic Development Plan 2014<\/td>\n                        <td class=\"th-home\">\n                                                                <a class=\"custom-flipbook-button-documents\" href=\"https:\/\/mc-faustvrancic.com\/wp-content\/uploads\/2024\/04\/Strateski_plan_razvoja_Memorijalnog_centra_Faust_Vrancic.docx\" target=\"_blank\" rel=\"noopener\">\n                                        <i class=\"fas fa-download download-icon\" aria-hidden=\"true\"><\/i> Download\n                                    <\/a>\n                                                            <\/td>\n                    <\/tr>\n                                        <tr>\n                        <td class=\"table td\">Pravilnik o provedbi postupka jednostavne nabave<\/td>\n                        <td class=\"th-home\">\n                                                                <a class=\"custom-flipbook-button-documents\" href=\"https:\/\/mc-faustvrancic.com\/wp-content\/uploads\/2024\/04\/Pravilnik-o-provedbi-postupka-jednostavne-nabave-1.docx\" target=\"_blank\" rel=\"noopener\">\n                                        <i class=\"fas fa-download download-icon\" aria-hidden=\"true\"><\/i> Download\n                                    <\/a>\n                                                            <\/td>\n                    <\/tr>\n                                        <tr>\n                        <td class=\"table td\">Ordinance on the Implementation of the Simple Procurement Procedure<\/td>\n                        <td class=\"th-home\">\n                            <a  class=\"_3d-flip-book  fb3d-link-lightbox-mode\" data-id=\"0\" data-mode=\"link-lightbox\" data-title=\"false\" data-template=\"short-white-book-view\" data-lightbox=\"dark-shadow\" data-urlparam=\"fb3d-page\" data-page-n=\"0\" data-pdf=\"https:\/\/mc-faustvrancic.com\/wp-content\/uploads\/2024\/04\/izmjene-pravilnika-jednostavna-nabava-2023.pdf\" data-tax=\"null\" data-thumbnail=\"\" data-cols=\"3\" data-book-template=\"default\" data-trigger=\"\"><span class=\"custom-flipbook-button-documents flipbook-trigger\" role=\"button\" tabindex=\"0\">\n                                            <i class=\"fas fa-file-pdf pdf-icon\" aria-hidden=\"true\"><\/i> Read PDF\n                                         <\/span><\/a>                        <\/td>\n                    <\/tr>\n                                    <\/tbody>\n            <\/table>\n        \n<\/div>\n\t\t\t\t\t\t<\/div>\n\t\t\t\t<\/div>\n\t\t\t\t\t<\/div>\n\t\t\t\t<\/div>\n\t\t\t\t<\/div>","protected":false},"excerpt":{"rendered":"","protected":false},"author":1,"featured_media":0,"parent":73,"menu_order":0,"comment_status":"closed","ping_status":"closed","template":"","meta":{"_acf_changed":false,"footnotes":""},"class_list":["post-412","page","type-page","status-publish","hentry"],"acf":[],"yoast_head":"<!-- This site is optimized with the Yoast SEO plugin v26.8 - https:\/\/yoast.com\/product\/yoast-seo-wordpress\/ -->\n<title>Va\u017ee\u0107i akti - Memorijalni centar Faust Vran\u010di\u0107<\/title>\n<meta name=\"robots\" content=\"index, follow, max-snippet:-1, max-image-preview:large, max-video-preview:-1\" \/>\n<link rel=\"canonical\" href=\"https:\/\/mc-faustvrancic.com\/en\/dokumenti\/vazeci-akti\/\" \/>\n<meta property=\"og:locale\" content=\"en_GB\" \/>\n<meta property=\"og:type\" content=\"article\" \/>\n<meta property=\"og:title\" content=\"Va\u017ee\u0107i akti - Memorijalni centar Faust Vran\u010di\u0107\" \/>\n<meta property=\"og:url\" content=\"https:\/\/mc-faustvrancic.com\/en\/dokumenti\/vazeci-akti\/\" \/>\n<meta property=\"og:site_name\" content=\"Memorijalni centar Faust Vran\u010di\u0107\" \/>\n<meta property=\"article:publisher\" content=\"https:\/\/web.facebook.com\/mcfaustvrancic\/\" \/>\n<meta property=\"article:modified_time\" content=\"2024-06-04T20:48:38+00:00\" \/>\n<meta property=\"og:image\" content=\"https:\/\/mc-faustvrancic.com\/wp-content\/uploads\/2024\/05\/Memorijalni-centar-Faust-Vranicic-10.jpg\" \/>\n\t<meta property=\"og:image:width\" content=\"1000\" \/>\n\t<meta property=\"og:image:height\" content=\"668\" \/>\n\t<meta property=\"og:image:type\" content=\"image\/jpeg\" \/>\n<meta name=\"twitter:card\" content=\"summary_large_image\" \/>\n<meta name=\"twitter:label1\" content=\"Estimated reading time\" \/>\n\t<meta name=\"twitter:data1\" content=\"1 minute\" \/>\n<script type=\"application\/ld+json\" class=\"yoast-schema-graph\">{\"@context\":\"https:\/\/schema.org\",\"@graph\":[{\"@type\":\"WebPage\",\"@id\":\"https:\/\/mc-faustvrancic.com\/dokumenti\/vazeci-akti\/\",\"url\":\"https:\/\/mc-faustvrancic.com\/dokumenti\/vazeci-akti\/\",\"name\":\"Va\u017ee\u0107i akti - Memorijalni centar Faust Vran\u010di\u0107\",\"isPartOf\":{\"@id\":\"https:\/\/mc-faustvrancic.com\/#website\"},\"datePublished\":\"2024-04-18T20:59:46+00:00\",\"dateModified\":\"2024-06-04T20:48:38+00:00\",\"breadcrumb\":{\"@id\":\"https:\/\/mc-faustvrancic.com\/dokumenti\/vazeci-akti\/#breadcrumb\"},\"inLanguage\":\"en-GB\",\"potentialAction\":[{\"@type\":\"ReadAction\",\"target\":[\"https:\/\/mc-faustvrancic.com\/dokumenti\/vazeci-akti\/\"]}]},{\"@type\":\"BreadcrumbList\",\"@id\":\"https:\/\/mc-faustvrancic.com\/dokumenti\/vazeci-akti\/#breadcrumb\",\"itemListElement\":[{\"@type\":\"ListItem\",\"position\":1,\"name\":\"Po\u010detna stranica\",\"item\":\"https:\/\/mc-faustvrancic.com\/\"},{\"@type\":\"ListItem\",\"position\":2,\"name\":\"Dokumenti\",\"item\":\"https:\/\/mc-faustvrancic.com\/dokumenti\/\"},{\"@type\":\"ListItem\",\"position\":3,\"name\":\"Va\u017ee\u0107i akti\"}]},{\"@type\":\"WebSite\",\"@id\":\"https:\/\/mc-faustvrancic.com\/#website\",\"url\":\"https:\/\/mc-faustvrancic.com\/\",\"name\":\"Memorijalni centar Faust Vran\u010di\u0107\",\"description\":\"\",\"publisher\":{\"@id\":\"https:\/\/mc-faustvrancic.com\/#organization\"},\"alternateName\":\"MC Faust Vran\u010di\u0107\",\"potentialAction\":[{\"@type\":\"SearchAction\",\"target\":{\"@type\":\"EntryPoint\",\"urlTemplate\":\"https:\/\/mc-faustvrancic.com\/?s={search_term_string}\"},\"query-input\":{\"@type\":\"PropertyValueSpecification\",\"valueRequired\":true,\"valueName\":\"search_term_string\"}}],\"inLanguage\":\"en-GB\"},{\"@type\":\"Organization\",\"@id\":\"https:\/\/mc-faustvrancic.com\/#organization\",\"name\":\"Memorijalni centar Faust Vran\u010di\u0107\",\"alternateName\":\"MC Faust Vran\u010di\u0107\",\"url\":\"https:\/\/mc-faustvrancic.com\/\",\"logo\":{\"@type\":\"ImageObject\",\"inLanguage\":\"en-GB\",\"@id\":\"https:\/\/mc-faustvrancic.com\/#\/schema\/logo\/image\/\",\"url\":\"https:\/\/mc-faustvrancic.com\/wp-content\/uploads\/2024\/04\/logo-crni.png\",\"contentUrl\":\"https:\/\/mc-faustvrancic.com\/wp-content\/uploads\/2024\/04\/logo-crni.png\",\"width\":265,\"height\":105,\"caption\":\"Memorijalni centar Faust Vran\u010di\u0107\"},\"image\":{\"@id\":\"https:\/\/mc-faustvrancic.com\/#\/schema\/logo\/image\/\"},\"sameAs\":[\"https:\/\/web.facebook.com\/mcfaustvrancic\/\",\"https:\/\/www.instagram.com\/mc_faustvrancic\/?hl=en&fbclid=IwAR3-lbIw4tS0ZANoVqEKrrp9z8DwHtc19D8cB-ZTRDNj_jnack8SHd6OaEA\",\"https:\/\/www.youtube.com\/channel\/UCcG32Ni5Grugo6ZdoE4mXkQ\"]}]}<\/script>\n<!-- \/ Yoast SEO plugin. -->","yoast_head_json":{"title":"Va\u017ee\u0107i akti - Memorijalni centar Faust Vran\u010di\u0107","robots":{"index":"index","follow":"follow","max-snippet":"max-snippet:-1","max-image-preview":"max-image-preview:large","max-video-preview":"max-video-preview:-1"},"canonical":"https:\/\/mc-faustvrancic.com\/en\/dokumenti\/vazeci-akti\/","og_locale":"en_GB","og_type":"article","og_title":"Va\u017ee\u0107i akti - Memorijalni centar Faust Vran\u010di\u0107","og_url":"https:\/\/mc-faustvrancic.com\/en\/dokumenti\/vazeci-akti\/","og_site_name":"Memorijalni centar Faust Vran\u010di\u0107","article_publisher":"https:\/\/web.facebook.com\/mcfaustvrancic\/","article_modified_time":"2024-06-04T20:48:38+00:00","og_image":[{"width":1000,"height":668,"url":"https:\/\/mc-faustvrancic.com\/wp-content\/uploads\/2024\/05\/Memorijalni-centar-Faust-Vranicic-10.jpg","type":"image\/jpeg"}],"twitter_card":"summary_large_image","twitter_misc":{"Estimated reading time":"1 minute"},"schema":{"@context":"https:\/\/schema.org","@graph":[{"@type":"WebPage","@id":"https:\/\/mc-faustvrancic.com\/dokumenti\/vazeci-akti\/","url":"https:\/\/mc-faustvrancic.com\/dokumenti\/vazeci-akti\/","name":"Va\u017ee\u0107i akti - Memorijalni centar Faust Vran\u010di\u0107","isPartOf":{"@id":"https:\/\/mc-faustvrancic.com\/#website"},"datePublished":"2024-04-18T20:59:46+00:00","dateModified":"2024-06-04T20:48:38+00:00","breadcrumb":{"@id":"https:\/\/mc-faustvrancic.com\/dokumenti\/vazeci-akti\/#breadcrumb"},"inLanguage":"en-GB","potentialAction":[{"@type":"ReadAction","target":["https:\/\/mc-faustvrancic.com\/dokumenti\/vazeci-akti\/"]}]},{"@type":"BreadcrumbList","@id":"https:\/\/mc-faustvrancic.com\/dokumenti\/vazeci-akti\/#breadcrumb","itemListElement":[{"@type":"ListItem","position":1,"name":"Po\u010detna stranica","item":"https:\/\/mc-faustvrancic.com\/"},{"@type":"ListItem","position":2,"name":"Dokumenti","item":"https:\/\/mc-faustvrancic.com\/dokumenti\/"},{"@type":"ListItem","position":3,"name":"Va\u017ee\u0107i akti"}]},{"@type":"WebSite","@id":"https:\/\/mc-faustvrancic.com\/#website","url":"https:\/\/mc-faustvrancic.com\/","name":"Memorijalni centar Faust Vran\u010di\u0107","description":"","publisher":{"@id":"https:\/\/mc-faustvrancic.com\/#organization"},"alternateName":"MC Faust Vran\u010di\u0107","potentialAction":[{"@type":"SearchAction","target":{"@type":"EntryPoint","urlTemplate":"https:\/\/mc-faustvrancic.com\/?s={search_term_string}"},"query-input":{"@type":"PropertyValueSpecification","valueRequired":true,"valueName":"search_term_string"}}],"inLanguage":"en-GB"},{"@type":"Organization","@id":"https:\/\/mc-faustvrancic.com\/#organization","name":"Memorijalni centar Faust Vran\u010di\u0107","alternateName":"MC Faust Vran\u010di\u0107","url":"https:\/\/mc-faustvrancic.com\/","logo":{"@type":"ImageObject","inLanguage":"en-GB","@id":"https:\/\/mc-faustvrancic.com\/#\/schema\/logo\/image\/","url":"https:\/\/mc-faustvrancic.com\/wp-content\/uploads\/2024\/04\/logo-crni.png","contentUrl":"https:\/\/mc-faustvrancic.com\/wp-content\/uploads\/2024\/04\/logo-crni.png","width":265,"height":105,"caption":"Memorijalni centar Faust Vran\u010di\u0107"},"image":{"@id":"https:\/\/mc-faustvrancic.com\/#\/schema\/logo\/image\/"},"sameAs":["https:\/\/web.facebook.com\/mcfaustvrancic\/","https:\/\/www.instagram.com\/mc_faustvrancic\/?hl=en&fbclid=IwAR3-lbIw4tS0ZANoVqEKrrp9z8DwHtc19D8cB-ZTRDNj_jnack8SHd6OaEA","https:\/\/www.youtube.com\/channel\/UCcG32Ni5Grugo6ZdoE4mXkQ"]}]}},"_links":{"self":[{"href":"https:\/\/mc-faustvrancic.com\/en\/wp-json\/wp\/v2\/pages\/412","targetHints":{"allow":["GET"]}}],"collection":[{"href":"https:\/\/mc-faustvrancic.com\/en\/wp-json\/wp\/v2\/pages"}],"about":[{"href":"https:\/\/mc-faustvrancic.com\/en\/wp-json\/wp\/v2\/types\/page"}],"author":[{"embeddable":true,"href":"https:\/\/mc-faustvrancic.com\/en\/wp-json\/wp\/v2\/users\/1"}],"replies":[{"embeddable":true,"href":"https:\/\/mc-faustvrancic.com\/en\/wp-json\/wp\/v2\/comments?post=412"}],"version-history":[{"count":0,"href":"https:\/\/mc-faustvrancic.com\/en\/wp-json\/wp\/v2\/pages\/412\/revisions"}],"up":[{"embeddable":true,"href":"https:\/\/mc-faustvrancic.com\/en\/wp-json\/wp\/v2\/pages\/73"}],"wp:attachment":[{"href":"https:\/\/mc-faustvrancic.com\/en\/wp-json\/wp\/v2\/media?parent=412"}],"curies":[{"name":"wp","href":"https:\/\/api.w.org\/{rel}","templated":true}]}}