{"id":3182,"date":"2024-06-20T17:32:17","date_gmt":"2024-06-20T15:32:17","guid":{"rendered":"https:\/\/mc-faustvrancic.com\/?page_id=3182"},"modified":"2024-06-20T17:39:26","modified_gmt":"2024-06-20T15:39:26","slug":"otok-prvic","status":"publish","type":"page","link":"https:\/\/mc-faustvrancic.com\/en\/otok-prvic\/","title":{"rendered":"Island of Prvi\u0107"},"content":{"rendered":"<div data-elementor-type=\"wp-page\" data-elementor-id=\"3182\" class=\"elementor elementor-3182\" data-elementor-post-type=\"page\">\n\t\t\t\t<div data-particle_enable=\"false\" data-particle-mobile-disabled=\"false\" class=\"elementor-element elementor-element-2e0ab40 e-con-full e-flex e-con e-parent\" data-id=\"2e0ab40\" data-element_type=\"container\" data-settings=\"{&quot;background_background&quot;:&quot;classic&quot;}\">\n\t\t\t\t<\/div>\n\t\t<div data-particle_enable=\"false\" data-particle-mobile-disabled=\"false\" class=\"elementor-element elementor-element-cf219d4 e-flex e-con-boxed e-con e-parent\" data-id=\"cf219d4\" data-element_type=\"container\">\n\t\t\t\t\t<div class=\"e-con-inner\">\n\t\t\t\t<div class=\"elementor-element elementor-element-f9a8171 elementor-widget elementor-widget-heading\" data-id=\"f9a8171\" data-element_type=\"widget\" data-widget_type=\"heading.default\">\n\t\t\t\t<div class=\"elementor-widget-container\">\n\t\t\t\t\t<h2 class=\"elementor-heading-title elementor-size-default\">Island of Prvi\u0107, Faust`s island<\/h2>\t\t\t\t<\/div>\n\t\t\t\t<\/div>\n\t\t\t\t<div class=\"elementor-element elementor-element-599c55a elementor-widget-divider--view-line elementor-widget elementor-widget-divider\" data-id=\"599c55a\" data-element_type=\"widget\" data-widget_type=\"divider.default\">\n\t\t\t\t<div class=\"elementor-widget-container\">\n\t\t\t\t\t\t\t<div class=\"elementor-divider\">\n\t\t\t<span class=\"elementor-divider-separator\">\n\t\t\t\t\t\t<\/span>\n\t\t<\/div>\n\t\t\t\t\t\t<\/div>\n\t\t\t\t<\/div>\n\t\t\t\t\t<\/div>\n\t\t\t\t<\/div>\n\t\t<div data-particle_enable=\"false\" data-particle-mobile-disabled=\"false\" class=\"elementor-element elementor-element-37fec5b e-flex e-con-boxed e-con e-parent\" data-id=\"37fec5b\" data-element_type=\"container\">\n\t\t\t\t\t<div class=\"e-con-inner\">\n\t\t<div data-particle_enable=\"false\" data-particle-mobile-disabled=\"false\" class=\"elementor-element elementor-element-d47d709 e-con-full e-flex e-con e-child\" data-id=\"d47d709\" data-element_type=\"container\">\n\t\t\t\t<div class=\"elementor-element elementor-element-bb43d0a elementor-widget elementor-widget-image\" data-id=\"bb43d0a\" data-element_type=\"widget\" data-widget_type=\"image.default\">\n\t\t\t\t<div class=\"elementor-widget-container\">\n\t\t\t\t\t\t\t\t\t\t\t\t\t\t\t<img fetchpriority=\"high\" decoding=\"async\" width=\"800\" height=\"872\" src=\"https:\/\/mc-faustvrancic.com\/wp-content\/uploads\/2024\/06\/otok-Prvic.jpg\" class=\"attachment-large size-large wp-image-3186\" alt=\"\" srcset=\"https:\/\/mc-faustvrancic.com\/wp-content\/uploads\/2024\/06\/otok-Prvic.jpg 917w, https:\/\/mc-faustvrancic.com\/wp-content\/uploads\/2024\/06\/otok-Prvic-275x300.jpg 275w, https:\/\/mc-faustvrancic.com\/wp-content\/uploads\/2024\/06\/otok-Prvic-768x838.jpg 768w, https:\/\/mc-faustvrancic.com\/wp-content\/uploads\/2024\/06\/otok-Prvic-11x12.jpg 11w\" sizes=\"(max-width: 800px) 100vw, 800px\" \/>\t\t\t\t\t\t\t\t\t\t\t\t\t\t\t<\/div>\n\t\t\t\t<\/div>\n\t\t\t\t<\/div>\n\t\t<div data-particle_enable=\"false\" data-particle-mobile-disabled=\"false\" class=\"elementor-element elementor-element-53c5e1e e-con-full e-flex e-con e-child\" data-id=\"53c5e1e\" data-element_type=\"container\">\n\t\t\t\t<div class=\"elementor-element elementor-element-81c164e elementor-widget elementor-widget-text-editor\" data-id=\"81c164e\" data-element_type=\"widget\" data-widget_type=\"text-editor.default\">\n\t\t\t\t<div class=\"elementor-widget-container\">\n\t\t\t\t\t\t\t\t\t<p>The island of Prvi\u0107 is situated in the \u0160ibenik archipelago, just in front of the St. Anthony Channel, near \u0160ibenik and Vodice. The nearest mainland is only 900 meters away. Its area is only 2.41 square kilometers, while the length of the coast is 10.6 km. The highest peak, Vitkovi\u0107, is 79 m high. The boat trip to Prvi\u0107 from \u0160ibenik, a panoramic view of the city, passing through St. Anthony\u2019s Channel, the view of Zlarin, Lupac and other islands that appear on the horizon, is just the beginning of an extraordinary experience of Prvi\u0107, an island without cars. The same Jadrolinija boat line goes from Vodice as well, so it is possible to access the island from another, equally attractive side. Peace and quiet, untouched nature and clear sea  make Prvi\u0107 distinguish from coastal places on mainland. Prvi\u0107 is a small island that can be seen in one day by foot, enjoying the scent of the sea, a characteristic Dalmatian landscape in which pine forests alternate with cultivated fields, chapels on rocks, hidden beaches. The view on uninhabited blue-green islands descends all the way to Kornati islands, while the mountains  Velebit and Dinara, as well as the island of Vis are visible from few places on the island. The locals and visitors of Prvi\u0107 can enjoy along the pedestrian-cycling trail by the sea, but also crossing the hills, the pathways along vineyards, olive groves and orchards, making it an ideal destination for hiking and trekking. A swimmer and sunbather can choose between sandy-pebble beaches of \u0160epurine and the cliffs on the less crowded places along the seafront.<\/p><p>There are two different views on the origins of the island\u2019s name: first that the island was named after the old Croatian pagan god of spring, Prvi\u0107 or Prvina, and secondly because it is the first to mainland. Prvi\u0107 is inhabited since classical period, evidenced by archaeological remains from several locations in Prvi\u0107 Luka.<\/p>\t\t\t\t\t\t\t\t<\/div>\n\t\t\t\t<\/div>\n\t\t\t\t<\/div>\n\t\t\t\t\t<\/div>\n\t\t\t\t<\/div>\n\t\t<div data-particle_enable=\"false\" data-particle-mobile-disabled=\"false\" class=\"elementor-element elementor-element-cb9aee6 e-flex e-con-boxed e-con e-parent\" data-id=\"cb9aee6\" data-element_type=\"container\">\n\t\t\t\t\t<div class=\"e-con-inner\">\n\t\t<div data-particle_enable=\"false\" data-particle-mobile-disabled=\"false\" class=\"elementor-element elementor-element-accd2a4 e-con-full e-flex e-con e-child\" data-id=\"accd2a4\" data-element_type=\"container\">\n\t\t\t\t<div class=\"elementor-element elementor-element-b3b32ef elementor-widget elementor-widget-text-editor\" data-id=\"b3b32ef\" data-element_type=\"widget\" data-widget_type=\"text-editor.default\">\n\t\t\t\t<div class=\"elementor-widget-container\">\n\t\t\t\t\t\t\t\t\t<p>Continuity of population at the island is evident and can be seen from old Croatian jewelry found from 9\/10 century in graves, stored in the Archaeological Museum in Zagreb, and a records about Benedictine monastery in the 10th century in an unknown location. Already in the Middle Ages Prvi\u0107, next to Zlarin, was the exclusive resort of the \u0160ibenik aristocracy and wealthy citizens, as well as their place to escape the plague. This was\n\n\npreceded by the \u0160ibenik noble families Taveli\u0107, Divni\u0107, \u0160i\u017egori\u0107 and Dragani\u0107-Vran\u010di\u0107, and only the last of them preserved a renaissance summer residence in the area of today\u2019s \u0160epurina \u2013 the same one in which a good part of his childhood spent Faust Vran\u010di\u0107. In the mentioned properties, there were, apart from the summer houses and the commercial building, also the people who worked on the nobility\u2019s property. Over time, when people from hinterland ran from Turks, the settlement Luka developed around the monastery and the church of St. Mary of Grace in the 15th century, while the another village of \u0160epurine was created later in the 16th century.<\/p>\t\t\t\t\t\t\t\t<\/div>\n\t\t\t\t<\/div>\n\t\t\t\t<\/div>\n\t\t<div data-particle_enable=\"false\" data-particle-mobile-disabled=\"false\" class=\"elementor-element elementor-element-e9f3e2b e-con-full e-flex e-con e-child\" data-id=\"e9f3e2b\" data-element_type=\"container\">\n\t\t\t\t<div class=\"elementor-element elementor-element-61e18a8 elementor-widget elementor-widget-image\" data-id=\"61e18a8\" data-element_type=\"widget\" data-widget_type=\"image.default\">\n\t\t\t\t<div class=\"elementor-widget-container\">\n\t\t\t\t\t\t\t\t\t\t\t\t\t\t\t<img decoding=\"async\" width=\"800\" height=\"534\" src=\"https:\/\/mc-faustvrancic.com\/wp-content\/uploads\/2024\/06\/Prvic-3-1.jpg\" class=\"attachment-large size-large wp-image-3185\" alt=\"\" srcset=\"https:\/\/mc-faustvrancic.com\/wp-content\/uploads\/2024\/06\/Prvic-3-1.jpg 1000w, https:\/\/mc-faustvrancic.com\/wp-content\/uploads\/2024\/06\/Prvic-3-1-300x200.jpg 300w, https:\/\/mc-faustvrancic.com\/wp-content\/uploads\/2024\/06\/Prvic-3-1-768x512.jpg 768w, https:\/\/mc-faustvrancic.com\/wp-content\/uploads\/2024\/06\/Prvic-3-1-18x12.jpg 18w\" sizes=\"(max-width: 800px) 100vw, 800px\" \/>\t\t\t\t\t\t\t\t\t\t\t\t\t\t\t<\/div>\n\t\t\t\t<\/div>\n\t\t\t\t<\/div>\n\t\t\t\t\t<\/div>\n\t\t\t\t<\/div>\n\t\t<div data-particle_enable=\"false\" data-particle-mobile-disabled=\"false\" class=\"elementor-element elementor-element-56c9690 e-flex e-con-boxed e-con e-parent\" data-id=\"56c9690\" data-element_type=\"container\">\n\t\t\t\t\t<div class=\"e-con-inner\">\n\t\t<div data-particle_enable=\"false\" data-particle-mobile-disabled=\"false\" class=\"elementor-element elementor-element-af8a341 e-con-full e-flex e-con e-child\" data-id=\"af8a341\" data-element_type=\"container\">\n\t\t\t\t<div class=\"elementor-element elementor-element-b58a7f6 elementor-widget elementor-widget-image\" data-id=\"b58a7f6\" data-element_type=\"widget\" data-widget_type=\"image.default\">\n\t\t\t\t<div class=\"elementor-widget-container\">\n\t\t\t\t\t\t\t\t\t\t\t\t\t\t\t<img decoding=\"async\" width=\"800\" height=\"534\" src=\"https:\/\/mc-faustvrancic.com\/wp-content\/uploads\/2024\/06\/Prvic-2-1.jpg\" class=\"attachment-large size-large wp-image-3184\" alt=\"\" srcset=\"https:\/\/mc-faustvrancic.com\/wp-content\/uploads\/2024\/06\/Prvic-2-1.jpg 1000w, https:\/\/mc-faustvrancic.com\/wp-content\/uploads\/2024\/06\/Prvic-2-1-300x200.jpg 300w, https:\/\/mc-faustvrancic.com\/wp-content\/uploads\/2024\/06\/Prvic-2-1-768x512.jpg 768w, https:\/\/mc-faustvrancic.com\/wp-content\/uploads\/2024\/06\/Prvic-2-1-18x12.jpg 18w\" sizes=\"(max-width: 800px) 100vw, 800px\" \/>\t\t\t\t\t\t\t\t\t\t\t\t\t\t\t<\/div>\n\t\t\t\t<\/div>\n\t\t\t\t<\/div>\n\t\t<div data-particle_enable=\"false\" data-particle-mobile-disabled=\"false\" class=\"elementor-element elementor-element-0e90a8f e-con-full e-flex e-con e-child\" data-id=\"0e90a8f\" data-element_type=\"container\">\n\t\t\t\t<div class=\"elementor-element elementor-element-ae95f9e elementor-widget elementor-widget-text-editor\" data-id=\"ae95f9e\" data-element_type=\"widget\" data-widget_type=\"text-editor.default\">\n\t\t\t\t<div class=\"elementor-widget-container\">\n\t\t\t\t\t\t\t\t\t<p>In the past, the local population was most engaged with the cultivation of Mediterranean cultures and cattle-breeding, trade, maritime affairs and, of course, fishing, and less well-known, with sponge and coral collecting, whereby Krapanj and Zlarin later took over the main role. In the 19th century, people from Prvi\u0107 owned more fishing and merchant ships than all the places from Murter to Primo\u0161ten together. People from Prvi\u0107 are owners of many overseas property, especially on the uninhabited islands of the archipelago, but also the greater part of the Srima peninsula, where they have left a significant footprint with their contribution to the drystone heritage.<\/p><p>Today Prvi\u0107 tries to cultivate sustainable family, nautical, cultural and ecological tourism. Apart from the hotel Maestral, it is possible to stay in private accommodation. In traditional dishes, fresh fish and seafood, as well as meat specialties, you can enjoy right next to the sea, on the terraces of four restaurants and two taverns.<\/p>\t\t\t\t\t\t\t\t<\/div>\n\t\t\t\t<\/div>\n\t\t\t\t<\/div>\n\t\t\t\t\t<\/div>\n\t\t\t\t<\/div>\n\t\t<div data-particle_enable=\"false\" data-particle-mobile-disabled=\"false\" class=\"elementor-element elementor-element-0b12fd0 e-flex e-con-boxed e-con e-parent\" data-id=\"0b12fd0\" data-element_type=\"container\">\n\t\t\t\t\t<div class=\"e-con-inner\">\n\t\t\t\t<div class=\"elementor-element elementor-element-d23e2e8 elementor-widget elementor-widget-text-editor\" data-id=\"d23e2e8\" data-element_type=\"widget\" data-widget_type=\"text-editor.default\">\n\t\t\t\t<div class=\"elementor-widget-container\">\n\t\t\t\t\t\t\t\t\t<p>On the island there are also two pizzerias and several cafe bars. In both settlements there is a shop, green market and post office. In Prvi\u0107 \u0160epurine, islanders attend the first four grades of elementary school and then later travel to the mainland. According to the latest census of 2011, Prvi\u0107 Luka had 164 and Prvi\u0107 \u0160epurine 239 inhabitants. The main island road connects Prvi\u0107 Luka and Prvi\u0107 \u0160epurine. It takes only ten minutes of pleasant walk along the island\u2019s landscape.<\/p><p>Regarding the cultural monuments, in Prvi\u0107 Luka there are church and monastery of St. Mary of Grace from the 15th century. The monastery has been for centuries the bigest foothold of the Slavic church service in the \u0160ibenik area. Faust Vran\u010di\u0107, was buried in this church by his last will, and his body was taken by boat from Venice. On the way to \u0160epurine, there is church of Nativity of the Virgin Mary, situated between the new playground and the water well which was the main water supply for people from Prvi\u0107 until the arrival of the public water system on the island in 1978. There are two churches in \u0160epurine: St. Jelena (also known as St. Roko) in the center of the settlement, from 17th century and the church of Assumption of the Blessed Virgin Mary, from the end of the 19th century, next to the Renaissance mansion of the Dragani\u0107-Vran\u010di\u0107 family. Interesting artillery items from World War I and II are located on the three highest elevations of the island.<\/p>\t\t\t\t\t\t\t\t<\/div>\n\t\t\t\t<\/div>\n\t\t\t\t\t<\/div>\n\t\t\t\t<\/div>\n\t\t\t\t<\/div>","protected":false},"excerpt":{"rendered":"<p>Prvi\u0107, Faustov otok Otok Prvi\u0107 nalazi se u \u0161ibenskom arhipelagu, tik ispred Kanala sv. Ante, u neposrednoj blizini \u0160ibenika i Vodica. Od najbli\u017eeg je kopna udaljen tek 900 metara. Povr\u0161ina mu iznosi svega 2,41 kilometara \u010detvornih, dok je du\u017eina obale 10,6 km. Najvi\u0161i vrh, Vitkovi\u0107, visok je 79 m. Putovanje brodom prema Prvi\u0107u iz \u0160ibenika, [&hellip;]<\/p>","protected":false},"author":1,"featured_media":0,"parent":0,"menu_order":0,"comment_status":"closed","ping_status":"closed","template":"","meta":{"_acf_changed":false,"footnotes":""},"class_list":["post-3182","page","type-page","status-publish","hentry"],"acf":[],"yoast_head":"<!-- This site is optimized with the Yoast SEO plugin v26.8 - https:\/\/yoast.com\/product\/yoast-seo-wordpress\/ -->\n<title>Otok Prvi\u0107 - Memorijalni centar Faust Vran\u010di\u0107<\/title>\n<meta name=\"robots\" content=\"index, follow, max-snippet:-1, max-image-preview:large, max-video-preview:-1\" \/>\n<link rel=\"canonical\" href=\"https:\/\/mc-faustvrancic.com\/en\/otok-prvic\/\" \/>\n<meta property=\"og:locale\" content=\"en_GB\" \/>\n<meta property=\"og:type\" content=\"article\" \/>\n<meta property=\"og:title\" content=\"Otok Prvi\u0107 - Memorijalni centar Faust Vran\u010di\u0107\" \/>\n<meta property=\"og:description\" content=\"Prvi\u0107, Faustov otok Otok Prvi\u0107 nalazi se u \u0161ibenskom arhipelagu, tik ispred Kanala sv. Ante, u neposrednoj blizini \u0160ibenika i Vodica. Od najbli\u017eeg je kopna udaljen tek 900 metara. Povr\u0161ina mu iznosi svega 2,41 kilometara \u010detvornih, dok je du\u017eina obale 10,6 km. Najvi\u0161i vrh, Vitkovi\u0107, visok je 79 m. Putovanje brodom prema Prvi\u0107u iz \u0160ibenika, [&hellip;]\" \/>\n<meta property=\"og:url\" content=\"https:\/\/mc-faustvrancic.com\/en\/otok-prvic\/\" \/>\n<meta property=\"og:site_name\" content=\"Memorijalni centar Faust Vran\u010di\u0107\" \/>\n<meta property=\"article:publisher\" content=\"https:\/\/web.facebook.com\/mcfaustvrancic\/\" \/>\n<meta property=\"article:modified_time\" content=\"2024-06-20T15:39:26+00:00\" \/>\n<meta property=\"og:image\" content=\"https:\/\/mc-faustvrancic.com\/wp-content\/uploads\/2024\/06\/otok-Prvic.jpg\" \/>\n<meta name=\"twitter:card\" content=\"summary_large_image\" \/>\n<meta name=\"twitter:label1\" content=\"Estimated reading time\" \/>\n\t<meta name=\"twitter:data1\" content=\"6 minutes\" \/>\n<script type=\"application\/ld+json\" class=\"yoast-schema-graph\">{\"@context\":\"https:\/\/schema.org\",\"@graph\":[{\"@type\":\"WebPage\",\"@id\":\"https:\/\/mc-faustvrancic.com\/otok-prvic\/\",\"url\":\"https:\/\/mc-faustvrancic.com\/otok-prvic\/\",\"name\":\"Otok Prvi\u0107 - Memorijalni centar Faust Vran\u010di\u0107\",\"isPartOf\":{\"@id\":\"https:\/\/mc-faustvrancic.com\/#website\"},\"primaryImageOfPage\":{\"@id\":\"https:\/\/mc-faustvrancic.com\/otok-prvic\/#primaryimage\"},\"image\":{\"@id\":\"https:\/\/mc-faustvrancic.com\/otok-prvic\/#primaryimage\"},\"thumbnailUrl\":\"https:\/\/mc-faustvrancic.com\/wp-content\/uploads\/2024\/06\/otok-Prvic.jpg\",\"datePublished\":\"2024-06-20T15:32:17+00:00\",\"dateModified\":\"2024-06-20T15:39:26+00:00\",\"breadcrumb\":{\"@id\":\"https:\/\/mc-faustvrancic.com\/otok-prvic\/#breadcrumb\"},\"inLanguage\":\"en-GB\",\"potentialAction\":[{\"@type\":\"ReadAction\",\"target\":[\"https:\/\/mc-faustvrancic.com\/otok-prvic\/\"]}]},{\"@type\":\"ImageObject\",\"inLanguage\":\"en-GB\",\"@id\":\"https:\/\/mc-faustvrancic.com\/otok-prvic\/#primaryimage\",\"url\":\"https:\/\/mc-faustvrancic.com\/wp-content\/uploads\/2024\/06\/otok-Prvic.jpg\",\"contentUrl\":\"https:\/\/mc-faustvrancic.com\/wp-content\/uploads\/2024\/06\/otok-Prvic.jpg\"},{\"@type\":\"BreadcrumbList\",\"@id\":\"https:\/\/mc-faustvrancic.com\/otok-prvic\/#breadcrumb\",\"itemListElement\":[{\"@type\":\"ListItem\",\"position\":1,\"name\":\"Po\u010detna stranica\",\"item\":\"https:\/\/mc-faustvrancic.com\/\"},{\"@type\":\"ListItem\",\"position\":2,\"name\":\"Otok Prvi\u0107\"}]},{\"@type\":\"WebSite\",\"@id\":\"https:\/\/mc-faustvrancic.com\/#website\",\"url\":\"https:\/\/mc-faustvrancic.com\/\",\"name\":\"Memorijalni centar Faust Vran\u010di\u0107\",\"description\":\"\",\"publisher\":{\"@id\":\"https:\/\/mc-faustvrancic.com\/#organization\"},\"alternateName\":\"MC Faust Vran\u010di\u0107\",\"potentialAction\":[{\"@type\":\"SearchAction\",\"target\":{\"@type\":\"EntryPoint\",\"urlTemplate\":\"https:\/\/mc-faustvrancic.com\/?s={search_term_string}\"},\"query-input\":{\"@type\":\"PropertyValueSpecification\",\"valueRequired\":true,\"valueName\":\"search_term_string\"}}],\"inLanguage\":\"en-GB\"},{\"@type\":\"Organization\",\"@id\":\"https:\/\/mc-faustvrancic.com\/#organization\",\"name\":\"Memorijalni centar Faust Vran\u010di\u0107\",\"alternateName\":\"MC Faust Vran\u010di\u0107\",\"url\":\"https:\/\/mc-faustvrancic.com\/\",\"logo\":{\"@type\":\"ImageObject\",\"inLanguage\":\"en-GB\",\"@id\":\"https:\/\/mc-faustvrancic.com\/#\/schema\/logo\/image\/\",\"url\":\"https:\/\/mc-faustvrancic.com\/wp-content\/uploads\/2024\/04\/logo-crni.png\",\"contentUrl\":\"https:\/\/mc-faustvrancic.com\/wp-content\/uploads\/2024\/04\/logo-crni.png\",\"width\":265,\"height\":105,\"caption\":\"Memorijalni centar Faust Vran\u010di\u0107\"},\"image\":{\"@id\":\"https:\/\/mc-faustvrancic.com\/#\/schema\/logo\/image\/\"},\"sameAs\":[\"https:\/\/web.facebook.com\/mcfaustvrancic\/\",\"https:\/\/www.instagram.com\/mc_faustvrancic\/?hl=en&fbclid=IwAR3-lbIw4tS0ZANoVqEKrrp9z8DwHtc19D8cB-ZTRDNj_jnack8SHd6OaEA\",\"https:\/\/www.youtube.com\/channel\/UCcG32Ni5Grugo6ZdoE4mXkQ\"]}]}<\/script>\n<!-- \/ Yoast SEO plugin. -->","yoast_head_json":{"title":"Otok Prvi\u0107 - Memorijalni centar Faust Vran\u010di\u0107","robots":{"index":"index","follow":"follow","max-snippet":"max-snippet:-1","max-image-preview":"max-image-preview:large","max-video-preview":"max-video-preview:-1"},"canonical":"https:\/\/mc-faustvrancic.com\/en\/otok-prvic\/","og_locale":"en_GB","og_type":"article","og_title":"Otok Prvi\u0107 - Memorijalni centar Faust Vran\u010di\u0107","og_description":"Prvi\u0107, Faustov otok Otok Prvi\u0107 nalazi se u \u0161ibenskom arhipelagu, tik ispred Kanala sv. Ante, u neposrednoj blizini \u0160ibenika i Vodica. Od najbli\u017eeg je kopna udaljen tek 900 metara. Povr\u0161ina mu iznosi svega 2,41 kilometara \u010detvornih, dok je du\u017eina obale 10,6 km. Najvi\u0161i vrh, Vitkovi\u0107, visok je 79 m. Putovanje brodom prema Prvi\u0107u iz \u0160ibenika, [&hellip;]","og_url":"https:\/\/mc-faustvrancic.com\/en\/otok-prvic\/","og_site_name":"Memorijalni centar Faust Vran\u010di\u0107","article_publisher":"https:\/\/web.facebook.com\/mcfaustvrancic\/","article_modified_time":"2024-06-20T15:39:26+00:00","og_image":[{"url":"https:\/\/mc-faustvrancic.com\/wp-content\/uploads\/2024\/06\/otok-Prvic.jpg","type":"","width":"","height":""}],"twitter_card":"summary_large_image","twitter_misc":{"Estimated reading time":"6 minutes"},"schema":{"@context":"https:\/\/schema.org","@graph":[{"@type":"WebPage","@id":"https:\/\/mc-faustvrancic.com\/otok-prvic\/","url":"https:\/\/mc-faustvrancic.com\/otok-prvic\/","name":"Otok Prvi\u0107 - Memorijalni centar Faust Vran\u010di\u0107","isPartOf":{"@id":"https:\/\/mc-faustvrancic.com\/#website"},"primaryImageOfPage":{"@id":"https:\/\/mc-faustvrancic.com\/otok-prvic\/#primaryimage"},"image":{"@id":"https:\/\/mc-faustvrancic.com\/otok-prvic\/#primaryimage"},"thumbnailUrl":"https:\/\/mc-faustvrancic.com\/wp-content\/uploads\/2024\/06\/otok-Prvic.jpg","datePublished":"2024-06-20T15:32:17+00:00","dateModified":"2024-06-20T15:39:26+00:00","breadcrumb":{"@id":"https:\/\/mc-faustvrancic.com\/otok-prvic\/#breadcrumb"},"inLanguage":"en-GB","potentialAction":[{"@type":"ReadAction","target":["https:\/\/mc-faustvrancic.com\/otok-prvic\/"]}]},{"@type":"ImageObject","inLanguage":"en-GB","@id":"https:\/\/mc-faustvrancic.com\/otok-prvic\/#primaryimage","url":"https:\/\/mc-faustvrancic.com\/wp-content\/uploads\/2024\/06\/otok-Prvic.jpg","contentUrl":"https:\/\/mc-faustvrancic.com\/wp-content\/uploads\/2024\/06\/otok-Prvic.jpg"},{"@type":"BreadcrumbList","@id":"https:\/\/mc-faustvrancic.com\/otok-prvic\/#breadcrumb","itemListElement":[{"@type":"ListItem","position":1,"name":"Po\u010detna stranica","item":"https:\/\/mc-faustvrancic.com\/"},{"@type":"ListItem","position":2,"name":"Otok Prvi\u0107"}]},{"@type":"WebSite","@id":"https:\/\/mc-faustvrancic.com\/#website","url":"https:\/\/mc-faustvrancic.com\/","name":"Memorijalni centar Faust Vran\u010di\u0107","description":"","publisher":{"@id":"https:\/\/mc-faustvrancic.com\/#organization"},"alternateName":"MC Faust Vran\u010di\u0107","potentialAction":[{"@type":"SearchAction","target":{"@type":"EntryPoint","urlTemplate":"https:\/\/mc-faustvrancic.com\/?s={search_term_string}"},"query-input":{"@type":"PropertyValueSpecification","valueRequired":true,"valueName":"search_term_string"}}],"inLanguage":"en-GB"},{"@type":"Organization","@id":"https:\/\/mc-faustvrancic.com\/#organization","name":"Memorijalni centar Faust Vran\u010di\u0107","alternateName":"MC Faust Vran\u010di\u0107","url":"https:\/\/mc-faustvrancic.com\/","logo":{"@type":"ImageObject","inLanguage":"en-GB","@id":"https:\/\/mc-faustvrancic.com\/#\/schema\/logo\/image\/","url":"https:\/\/mc-faustvrancic.com\/wp-content\/uploads\/2024\/04\/logo-crni.png","contentUrl":"https:\/\/mc-faustvrancic.com\/wp-content\/uploads\/2024\/04\/logo-crni.png","width":265,"height":105,"caption":"Memorijalni centar Faust Vran\u010di\u0107"},"image":{"@id":"https:\/\/mc-faustvrancic.com\/#\/schema\/logo\/image\/"},"sameAs":["https:\/\/web.facebook.com\/mcfaustvrancic\/","https:\/\/www.instagram.com\/mc_faustvrancic\/?hl=en&fbclid=IwAR3-lbIw4tS0ZANoVqEKrrp9z8DwHtc19D8cB-ZTRDNj_jnack8SHd6OaEA","https:\/\/www.youtube.com\/channel\/UCcG32Ni5Grugo6ZdoE4mXkQ"]}]}},"_links":{"self":[{"href":"https:\/\/mc-faustvrancic.com\/en\/wp-json\/wp\/v2\/pages\/3182","targetHints":{"allow":["GET"]}}],"collection":[{"href":"https:\/\/mc-faustvrancic.com\/en\/wp-json\/wp\/v2\/pages"}],"about":[{"href":"https:\/\/mc-faustvrancic.com\/en\/wp-json\/wp\/v2\/types\/page"}],"author":[{"embeddable":true,"href":"https:\/\/mc-faustvrancic.com\/en\/wp-json\/wp\/v2\/users\/1"}],"replies":[{"embeddable":true,"href":"https:\/\/mc-faustvrancic.com\/en\/wp-json\/wp\/v2\/comments?post=3182"}],"version-history":[{"count":0,"href":"https:\/\/mc-faustvrancic.com\/en\/wp-json\/wp\/v2\/pages\/3182\/revisions"}],"wp:attachment":[{"href":"https:\/\/mc-faustvrancic.com\/en\/wp-json\/wp\/v2\/media?parent=3182"}],"curies":[{"name":"wp","href":"https:\/\/api.w.org\/{rel}","templated":true}]}}