{"id":2033,"date":"2024-05-25T19:26:24","date_gmt":"2024-05-25T17:26:24","guid":{"rendered":"https:\/\/mc-faustvrancic.com\/?page_id=2033"},"modified":"2024-05-26T11:25:42","modified_gmt":"2024-05-26T09:25:42","slug":"foto-i-video-galerija","status":"publish","type":"page","link":"https:\/\/mc-faustvrancic.com\/en\/o-nama\/foto-i-video-galerija\/","title":{"rendered":"Photo &amp; Video gallery"},"content":{"rendered":"<div data-elementor-type=\"wp-page\" data-elementor-id=\"2033\" class=\"elementor elementor-2033\" data-elementor-post-type=\"page\">\n\t\t\t\t<div data-particle_enable=\"false\" data-particle-mobile-disabled=\"false\" class=\"elementor-element elementor-element-55da62b e-con-full e-flex e-con e-parent\" data-id=\"55da62b\" data-element_type=\"container\" data-settings=\"{&quot;background_background&quot;:&quot;classic&quot;}\">\n\t\t\t\t<\/div>\n\t\t<div data-particle_enable=\"false\" data-particle-mobile-disabled=\"false\" class=\"elementor-element elementor-element-9800289 e-flex e-con-boxed e-con e-parent\" data-id=\"9800289\" data-element_type=\"container\">\n\t\t\t\t\t<div class=\"e-con-inner\">\n\t\t\t\t<div class=\"elementor-element elementor-element-58080b0 elementor-widget elementor-widget-heading\" data-id=\"58080b0\" data-element_type=\"widget\" data-widget_type=\"heading.default\">\n\t\t\t\t<div class=\"elementor-widget-container\">\n\t\t\t\t\t<h2 class=\"elementor-heading-title elementor-size-default\">Photo Gallery<\/h2>\t\t\t\t<\/div>\n\t\t\t\t<\/div>\n\t\t\t\t<div class=\"elementor-element elementor-element-12fe801 elementor-widget-divider--view-line elementor-widget elementor-widget-divider\" data-id=\"12fe801\" data-element_type=\"widget\" data-widget_type=\"divider.default\">\n\t\t\t\t<div class=\"elementor-widget-container\">\n\t\t\t\t\t\t\t<div class=\"elementor-divider\">\n\t\t\t<span class=\"elementor-divider-separator\">\n\t\t\t\t\t\t<\/span>\n\t\t<\/div>\n\t\t\t\t\t\t<\/div>\n\t\t\t\t<\/div>\n\t\t\t\t<div class=\"elementor-element elementor-element-b78a434 pg-masonry--yes elementor-widget elementor-widget-pg-fixer\" data-id=\"b78a434\" data-element_type=\"widget\" data-widget_type=\"pg-fixer.default\">\n\t\t\t\t<div class=\"elementor-widget-container\">\n\t\t\t\t\t\t\t<div class=\"pg-fixer-grid pg-grid\">\n\t\t\t\n\t\t<div class=\"pg-fixer-item pg-item elementor-repeater-item-aa89a9d\">\n\t\t\t\t\t\t\t\t<div class=\"pg-fixer-image-wrap bdt-pg-img-mask\">\n\t\t\t<img fetchpriority=\"high\" decoding=\"async\" width=\"1000\" height=\"668\" src=\"https:\/\/mc-faustvrancic.com\/wp-content\/uploads\/2024\/05\/166596938_3999134663482066_1094344982345372736_n.jpg\" class=\"pg-fixer-img\" alt=\"\" srcset=\"https:\/\/mc-faustvrancic.com\/wp-content\/uploads\/2024\/05\/166596938_3999134663482066_1094344982345372736_n.jpg 1000w, https:\/\/mc-faustvrancic.com\/wp-content\/uploads\/2024\/05\/166596938_3999134663482066_1094344982345372736_n-300x200.jpg 300w, https:\/\/mc-faustvrancic.com\/wp-content\/uploads\/2024\/05\/166596938_3999134663482066_1094344982345372736_n-768x513.jpg 768w, https:\/\/mc-faustvrancic.com\/wp-content\/uploads\/2024\/05\/166596938_3999134663482066_1094344982345372736_n-18x12.jpg 18w\" sizes=\"(max-width: 1000px) 100vw, 1000px\" \/>\t\t\t\t\t<\/div>\n\t\t\t\t\t<div class=\"pg-fixer-content\">\n\t\t\t\t\t\t\t\t\t\t\t<\/div>\n\t\t\t\t\t\t\t\t<a href=\"https:\/\/mc-faustvrancic.com\/wp-content\/uploads\/2024\/05\/166596938_3999134663482066_1094344982345372736_n.jpg\" class=\"pg-open-lightbox\" data-elementor-open-lightbox=\"yes\" data-elementor-lightbox-title=\"166596938_3999134663482066_1094344982345372736_n\" data-e-action-hash=\"#elementor-action%3Aaction%3Dlightbox%26settings%3DeyJpZCI6MjA0NCwidXJsIjoiaHR0cHM6XC9cL21jLWZhdXN0dnJhbmNpYy5jb21cL3dwLWNvbnRlbnRcL3VwbG9hZHNcLzIwMjRcLzA1XC8xNjY1OTY5MzhfMzk5OTEzNDY2MzQ4MjA2Nl8xMDk0MzQ0OTgyMzQ1MzcyNzM2X24uanBnIn0%3D\" data-elementor-lightbox-slideshow=\"pg-fixer-b78a434\"><\/a>\n\t\t\t\t\t\t\t\t<\/div>\n\n\t\t\n\t\t<div class=\"pg-fixer-item pg-item elementor-repeater-item-77378ac\">\n\t\t\t\t\t\t\t\t<div class=\"pg-fixer-image-wrap bdt-pg-img-mask\">\n\t\t\t<img decoding=\"async\" width=\"1000\" height=\"668\" src=\"https:\/\/mc-faustvrancic.com\/wp-content\/uploads\/2024\/05\/Memorijalni-centar-Faust-Vranicic-2.jpg\" class=\"pg-fixer-img\" alt=\"\" srcset=\"https:\/\/mc-faustvrancic.com\/wp-content\/uploads\/2024\/05\/Memorijalni-centar-Faust-Vranicic-2.jpg 1000w, https:\/\/mc-faustvrancic.com\/wp-content\/uploads\/2024\/05\/Memorijalni-centar-Faust-Vranicic-2-300x200.jpg 300w, https:\/\/mc-faustvrancic.com\/wp-content\/uploads\/2024\/05\/Memorijalni-centar-Faust-Vranicic-2-768x513.jpg 768w, https:\/\/mc-faustvrancic.com\/wp-content\/uploads\/2024\/05\/Memorijalni-centar-Faust-Vranicic-2-18x12.jpg 18w\" sizes=\"(max-width: 1000px) 100vw, 1000px\" \/>\t\t\t\t\t<\/div>\n\t\t\t\t\t<div class=\"pg-fixer-content\">\n\t\t\t\t\t\t\t\t\t\t\t<\/div>\n\t\t\t\t\t\t\t\t<a href=\"https:\/\/mc-faustvrancic.com\/wp-content\/uploads\/2024\/05\/Memorijalni-centar-Faust-Vranicic-2.jpg\" class=\"pg-open-lightbox\" data-elementor-open-lightbox=\"yes\" data-elementor-lightbox-title=\"Memorijalni-centar-Faust-Vranicic-2\" data-e-action-hash=\"#elementor-action%3Aaction%3Dlightbox%26settings%3DeyJpZCI6MjA0NSwidXJsIjoiaHR0cHM6XC9cL21jLWZhdXN0dnJhbmNpYy5jb21cL3dwLWNvbnRlbnRcL3VwbG9hZHNcLzIwMjRcLzA1XC9NZW1vcmlqYWxuaS1jZW50YXItRmF1c3QtVnJhbmljaWMtMi5qcGcifQ%3D%3D\" data-elementor-lightbox-slideshow=\"pg-fixer-b78a434\"><\/a>\n\t\t\t\t\t\t\t\t<\/div>\n\n\t\t\n\t\t<div class=\"pg-fixer-item pg-item elementor-repeater-item-4f1ba35\">\n\t\t\t\t\t\t\t\t<div class=\"pg-fixer-image-wrap bdt-pg-img-mask\">\n\t\t\t<img decoding=\"async\" width=\"1000\" height=\"668\" src=\"https:\/\/mc-faustvrancic.com\/wp-content\/uploads\/2024\/05\/Memorijalni-centar-Faust-Vranicic-3.jpg\" class=\"pg-fixer-img\" alt=\"\" srcset=\"https:\/\/mc-faustvrancic.com\/wp-content\/uploads\/2024\/05\/Memorijalni-centar-Faust-Vranicic-3.jpg 1000w, https:\/\/mc-faustvrancic.com\/wp-content\/uploads\/2024\/05\/Memorijalni-centar-Faust-Vranicic-3-300x200.jpg 300w, https:\/\/mc-faustvrancic.com\/wp-content\/uploads\/2024\/05\/Memorijalni-centar-Faust-Vranicic-3-768x513.jpg 768w, https:\/\/mc-faustvrancic.com\/wp-content\/uploads\/2024\/05\/Memorijalni-centar-Faust-Vranicic-3-18x12.jpg 18w\" sizes=\"(max-width: 1000px) 100vw, 1000px\" \/>\t\t\t\t\t<\/div>\n\t\t\t\t\t<div class=\"pg-fixer-content\">\n\t\t\t\t\t\t\t\t\t\t\t<\/div>\n\t\t\t\t\t\t\t\t<a href=\"https:\/\/mc-faustvrancic.com\/wp-content\/uploads\/2024\/05\/Memorijalni-centar-Faust-Vranicic-3.jpg\" class=\"pg-open-lightbox\" data-elementor-open-lightbox=\"yes\" data-elementor-lightbox-title=\"Memorijalni-centar-Faust-Vranicic-3\" data-e-action-hash=\"#elementor-action%3Aaction%3Dlightbox%26settings%3DeyJpZCI6MjA0NiwidXJsIjoiaHR0cHM6XC9cL21jLWZhdXN0dnJhbmNpYy5jb21cL3dwLWNvbnRlbnRcL3VwbG9hZHNcLzIwMjRcLzA1XC9NZW1vcmlqYWxuaS1jZW50YXItRmF1c3QtVnJhbmljaWMtMy5qcGcifQ%3D%3D\" data-elementor-lightbox-slideshow=\"pg-fixer-b78a434\"><\/a>\n\t\t\t\t\t\t\t\t<\/div>\n\n\t\t\n\t\t<div class=\"pg-fixer-item pg-item elementor-repeater-item-f5901ef\">\n\t\t\t\t\t\t\t\t<div class=\"pg-fixer-image-wrap bdt-pg-img-mask\">\n\t\t\t<img loading=\"lazy\" decoding=\"async\" width=\"1000\" height=\"668\" src=\"https:\/\/mc-faustvrancic.com\/wp-content\/uploads\/2024\/05\/Memorijalni-centar-Faust-Vranicic-4.jpg\" class=\"pg-fixer-img\" alt=\"\" srcset=\"https:\/\/mc-faustvrancic.com\/wp-content\/uploads\/2024\/05\/Memorijalni-centar-Faust-Vranicic-4.jpg 1000w, https:\/\/mc-faustvrancic.com\/wp-content\/uploads\/2024\/05\/Memorijalni-centar-Faust-Vranicic-4-300x200.jpg 300w, https:\/\/mc-faustvrancic.com\/wp-content\/uploads\/2024\/05\/Memorijalni-centar-Faust-Vranicic-4-768x513.jpg 768w, https:\/\/mc-faustvrancic.com\/wp-content\/uploads\/2024\/05\/Memorijalni-centar-Faust-Vranicic-4-18x12.jpg 18w\" sizes=\"(max-width: 1000px) 100vw, 1000px\" \/>\t\t\t\t\t<\/div>\n\t\t\t\t\t<div class=\"pg-fixer-content\">\n\t\t\t\t\t\t\t\t\t\t\t<\/div>\n\t\t\t\t\t\t\t\t<a href=\"https:\/\/mc-faustvrancic.com\/wp-content\/uploads\/2024\/05\/Memorijalni-centar-Faust-Vranicic-4.jpg\" class=\"pg-open-lightbox\" data-elementor-open-lightbox=\"yes\" data-elementor-lightbox-title=\"Memorijalni-centar-Faust-Vranicic-4\" data-e-action-hash=\"#elementor-action%3Aaction%3Dlightbox%26settings%3DeyJpZCI6MjA0NywidXJsIjoiaHR0cHM6XC9cL21jLWZhdXN0dnJhbmNpYy5jb21cL3dwLWNvbnRlbnRcL3VwbG9hZHNcLzIwMjRcLzA1XC9NZW1vcmlqYWxuaS1jZW50YXItRmF1c3QtVnJhbmljaWMtNC5qcGcifQ%3D%3D\" data-elementor-lightbox-slideshow=\"pg-fixer-b78a434\"><\/a>\n\t\t\t\t\t\t\t\t<\/div>\n\n\t\t\n\t\t<div class=\"pg-fixer-item pg-item elementor-repeater-item-6da5071\">\n\t\t\t\t\t\t\t\t<div class=\"pg-fixer-image-wrap bdt-pg-img-mask\">\n\t\t\t<img loading=\"lazy\" decoding=\"async\" width=\"1000\" height=\"668\" src=\"https:\/\/mc-faustvrancic.com\/wp-content\/uploads\/2024\/05\/Memorijalni-centar-Faust-Vranicic-5.jpg\" class=\"pg-fixer-img\" alt=\"\" srcset=\"https:\/\/mc-faustvrancic.com\/wp-content\/uploads\/2024\/05\/Memorijalni-centar-Faust-Vranicic-5.jpg 1000w, https:\/\/mc-faustvrancic.com\/wp-content\/uploads\/2024\/05\/Memorijalni-centar-Faust-Vranicic-5-300x200.jpg 300w, https:\/\/mc-faustvrancic.com\/wp-content\/uploads\/2024\/05\/Memorijalni-centar-Faust-Vranicic-5-768x513.jpg 768w, https:\/\/mc-faustvrancic.com\/wp-content\/uploads\/2024\/05\/Memorijalni-centar-Faust-Vranicic-5-18x12.jpg 18w\" sizes=\"(max-width: 1000px) 100vw, 1000px\" \/>\t\t\t\t\t<\/div>\n\t\t\t\t\t<div class=\"pg-fixer-content\">\n\t\t\t\t\t\t\t\t\t\t\t<\/div>\n\t\t\t\t\t\t\t\t<a href=\"https:\/\/mc-faustvrancic.com\/wp-content\/uploads\/2024\/05\/Memorijalni-centar-Faust-Vranicic-5.jpg\" class=\"pg-open-lightbox\" data-elementor-open-lightbox=\"yes\" data-elementor-lightbox-title=\"Memorijalni-centar-Faust-Vranicic-5\" data-e-action-hash=\"#elementor-action%3Aaction%3Dlightbox%26settings%3DeyJpZCI6MjA0OCwidXJsIjoiaHR0cHM6XC9cL21jLWZhdXN0dnJhbmNpYy5jb21cL3dwLWNvbnRlbnRcL3VwbG9hZHNcLzIwMjRcLzA1XC9NZW1vcmlqYWxuaS1jZW50YXItRmF1c3QtVnJhbmljaWMtNS5qcGcifQ%3D%3D\" data-elementor-lightbox-slideshow=\"pg-fixer-b78a434\"><\/a>\n\t\t\t\t\t\t\t\t<\/div>\n\n\t\t\n\t\t<div class=\"pg-fixer-item pg-item elementor-repeater-item-022605a\">\n\t\t\t\t\t\t\t\t<div class=\"pg-fixer-image-wrap bdt-pg-img-mask\">\n\t\t\t<img loading=\"lazy\" decoding=\"async\" width=\"1000\" height=\"668\" src=\"https:\/\/mc-faustvrancic.com\/wp-content\/uploads\/2024\/05\/Memorijalni-centar-Faust-Vranicic-6.jpg\" class=\"pg-fixer-img\" alt=\"\" srcset=\"https:\/\/mc-faustvrancic.com\/wp-content\/uploads\/2024\/05\/Memorijalni-centar-Faust-Vranicic-6.jpg 1000w, https:\/\/mc-faustvrancic.com\/wp-content\/uploads\/2024\/05\/Memorijalni-centar-Faust-Vranicic-6-300x200.jpg 300w, https:\/\/mc-faustvrancic.com\/wp-content\/uploads\/2024\/05\/Memorijalni-centar-Faust-Vranicic-6-768x513.jpg 768w, https:\/\/mc-faustvrancic.com\/wp-content\/uploads\/2024\/05\/Memorijalni-centar-Faust-Vranicic-6-18x12.jpg 18w\" sizes=\"(max-width: 1000px) 100vw, 1000px\" \/>\t\t\t\t\t<\/div>\n\t\t\t\t\t<div class=\"pg-fixer-content\">\n\t\t\t\t\t\t\t\t\t\t\t<\/div>\n\t\t\t\t\t\t\t\t<a href=\"https:\/\/mc-faustvrancic.com\/wp-content\/uploads\/2024\/05\/Memorijalni-centar-Faust-Vranicic-6.jpg\" class=\"pg-open-lightbox\" data-elementor-open-lightbox=\"yes\" data-elementor-lightbox-title=\"Memorijalni-centar-Faust-Vranicic-6\" data-e-action-hash=\"#elementor-action%3Aaction%3Dlightbox%26settings%3DeyJpZCI6MjA0OSwidXJsIjoiaHR0cHM6XC9cL21jLWZhdXN0dnJhbmNpYy5jb21cL3dwLWNvbnRlbnRcL3VwbG9hZHNcLzIwMjRcLzA1XC9NZW1vcmlqYWxuaS1jZW50YXItRmF1c3QtVnJhbmljaWMtNi5qcGcifQ%3D%3D\" data-elementor-lightbox-slideshow=\"pg-fixer-b78a434\"><\/a>\n\t\t\t\t\t\t\t\t<\/div>\n\n\t\t\n\t\t<div class=\"pg-fixer-item pg-item elementor-repeater-item-7687771\">\n\t\t\t\t\t\t\t\t<div class=\"pg-fixer-image-wrap bdt-pg-img-mask\">\n\t\t\t<img loading=\"lazy\" decoding=\"async\" width=\"1000\" height=\"668\" src=\"https:\/\/mc-faustvrancic.com\/wp-content\/uploads\/2024\/05\/Memorijalni-centar-Faust-Vranicic-7.jpg\" class=\"pg-fixer-img\" alt=\"\" srcset=\"https:\/\/mc-faustvrancic.com\/wp-content\/uploads\/2024\/05\/Memorijalni-centar-Faust-Vranicic-7.jpg 1000w, https:\/\/mc-faustvrancic.com\/wp-content\/uploads\/2024\/05\/Memorijalni-centar-Faust-Vranicic-7-300x200.jpg 300w, https:\/\/mc-faustvrancic.com\/wp-content\/uploads\/2024\/05\/Memorijalni-centar-Faust-Vranicic-7-768x513.jpg 768w, https:\/\/mc-faustvrancic.com\/wp-content\/uploads\/2024\/05\/Memorijalni-centar-Faust-Vranicic-7-18x12.jpg 18w\" sizes=\"(max-width: 1000px) 100vw, 1000px\" \/>\t\t\t\t\t<\/div>\n\t\t\t\t\t<div class=\"pg-fixer-content\">\n\t\t\t\t\t\t\t\t\t\t\t<\/div>\n\t\t\t\t\t\t\t\t<a href=\"https:\/\/mc-faustvrancic.com\/wp-content\/uploads\/2024\/05\/Memorijalni-centar-Faust-Vranicic-7.jpg\" class=\"pg-open-lightbox\" data-elementor-open-lightbox=\"yes\" data-elementor-lightbox-title=\"Memorijalni-centar-Faust-Vranicic-7\" data-e-action-hash=\"#elementor-action%3Aaction%3Dlightbox%26settings%3DeyJpZCI6MjA1MCwidXJsIjoiaHR0cHM6XC9cL21jLWZhdXN0dnJhbmNpYy5jb21cL3dwLWNvbnRlbnRcL3VwbG9hZHNcLzIwMjRcLzA1XC9NZW1vcmlqYWxuaS1jZW50YXItRmF1c3QtVnJhbmljaWMtNy5qcGcifQ%3D%3D\" data-elementor-lightbox-slideshow=\"pg-fixer-b78a434\"><\/a>\n\t\t\t\t\t\t\t\t<\/div>\n\n\t\t\n\t\t<div class=\"pg-fixer-item pg-item elementor-repeater-item-79427e0\">\n\t\t\t\t\t\t\t\t<div class=\"pg-fixer-image-wrap bdt-pg-img-mask\">\n\t\t\t<img loading=\"lazy\" decoding=\"async\" width=\"1000\" height=\"668\" src=\"https:\/\/mc-faustvrancic.com\/wp-content\/uploads\/2024\/05\/Memorijalni-centar-Faust-Vranicic-8.jpg\" class=\"pg-fixer-img\" alt=\"\" srcset=\"https:\/\/mc-faustvrancic.com\/wp-content\/uploads\/2024\/05\/Memorijalni-centar-Faust-Vranicic-8.jpg 1000w, https:\/\/mc-faustvrancic.com\/wp-content\/uploads\/2024\/05\/Memorijalni-centar-Faust-Vranicic-8-300x200.jpg 300w, https:\/\/mc-faustvrancic.com\/wp-content\/uploads\/2024\/05\/Memorijalni-centar-Faust-Vranicic-8-768x513.jpg 768w, https:\/\/mc-faustvrancic.com\/wp-content\/uploads\/2024\/05\/Memorijalni-centar-Faust-Vranicic-8-18x12.jpg 18w\" sizes=\"(max-width: 1000px) 100vw, 1000px\" \/>\t\t\t\t\t<\/div>\n\t\t\t\t\t<div class=\"pg-fixer-content\">\n\t\t\t\t\t\t\t\t\t\t\t<\/div>\n\t\t\t\t\t\t\t\t<a href=\"https:\/\/mc-faustvrancic.com\/wp-content\/uploads\/2024\/05\/Memorijalni-centar-Faust-Vranicic-8.jpg\" class=\"pg-open-lightbox\" data-elementor-open-lightbox=\"yes\" data-elementor-lightbox-title=\"Memorijalni-centar-Faust-Vranicic-8\" data-e-action-hash=\"#elementor-action%3Aaction%3Dlightbox%26settings%3DeyJpZCI6MjA1MSwidXJsIjoiaHR0cHM6XC9cL21jLWZhdXN0dnJhbmNpYy5jb21cL3dwLWNvbnRlbnRcL3VwbG9hZHNcLzIwMjRcLzA1XC9NZW1vcmlqYWxuaS1jZW50YXItRmF1c3QtVnJhbmljaWMtOC5qcGcifQ%3D%3D\" data-elementor-lightbox-slideshow=\"pg-fixer-b78a434\"><\/a>\n\t\t\t\t\t\t\t\t<\/div>\n\n\t\t\n\t\t<div class=\"pg-fixer-item pg-item elementor-repeater-item-87355b1\">\n\t\t\t\t\t\t\t\t<div class=\"pg-fixer-image-wrap bdt-pg-img-mask\">\n\t\t\t<img loading=\"lazy\" decoding=\"async\" width=\"1000\" height=\"668\" src=\"https:\/\/mc-faustvrancic.com\/wp-content\/uploads\/2024\/05\/Memorijalni-centar-Faust-Vranicic-9.jpg\" class=\"pg-fixer-img\" alt=\"\" srcset=\"https:\/\/mc-faustvrancic.com\/wp-content\/uploads\/2024\/05\/Memorijalni-centar-Faust-Vranicic-9.jpg 1000w, https:\/\/mc-faustvrancic.com\/wp-content\/uploads\/2024\/05\/Memorijalni-centar-Faust-Vranicic-9-300x200.jpg 300w, https:\/\/mc-faustvrancic.com\/wp-content\/uploads\/2024\/05\/Memorijalni-centar-Faust-Vranicic-9-768x513.jpg 768w, https:\/\/mc-faustvrancic.com\/wp-content\/uploads\/2024\/05\/Memorijalni-centar-Faust-Vranicic-9-18x12.jpg 18w\" sizes=\"(max-width: 1000px) 100vw, 1000px\" \/>\t\t\t\t\t<\/div>\n\t\t\t\t\t<div class=\"pg-fixer-content\">\n\t\t\t\t\t\t\t\t\t\t\t<\/div>\n\t\t\t\t\t\t\t\t<a href=\"https:\/\/mc-faustvrancic.com\/wp-content\/uploads\/2024\/05\/Memorijalni-centar-Faust-Vranicic-9.jpg\" class=\"pg-open-lightbox\" data-elementor-open-lightbox=\"yes\" data-elementor-lightbox-title=\"Memorijalni-centar-Faust-Vranicic-9\" data-e-action-hash=\"#elementor-action%3Aaction%3Dlightbox%26settings%3DeyJpZCI6MjA1MiwidXJsIjoiaHR0cHM6XC9cL21jLWZhdXN0dnJhbmNpYy5jb21cL3dwLWNvbnRlbnRcL3VwbG9hZHNcLzIwMjRcLzA1XC9NZW1vcmlqYWxuaS1jZW50YXItRmF1c3QtVnJhbmljaWMtOS5qcGcifQ%3D%3D\" data-elementor-lightbox-slideshow=\"pg-fixer-b78a434\"><\/a>\n\t\t\t\t\t\t\t\t<\/div>\n\n\t\t\n\t\t<div class=\"pg-fixer-item pg-item elementor-repeater-item-36be6f9\">\n\t\t\t\t\t\t\t\t<div class=\"pg-fixer-image-wrap bdt-pg-img-mask\">\n\t\t\t<img loading=\"lazy\" decoding=\"async\" width=\"1000\" height=\"668\" src=\"https:\/\/mc-faustvrancic.com\/wp-content\/uploads\/2024\/05\/Memorijalni-centar-Faust-Vranicic-10.jpg\" class=\"pg-fixer-img\" alt=\"\" srcset=\"https:\/\/mc-faustvrancic.com\/wp-content\/uploads\/2024\/05\/Memorijalni-centar-Faust-Vranicic-10.jpg 1000w, https:\/\/mc-faustvrancic.com\/wp-content\/uploads\/2024\/05\/Memorijalni-centar-Faust-Vranicic-10-300x200.jpg 300w, https:\/\/mc-faustvrancic.com\/wp-content\/uploads\/2024\/05\/Memorijalni-centar-Faust-Vranicic-10-768x513.jpg 768w, https:\/\/mc-faustvrancic.com\/wp-content\/uploads\/2024\/05\/Memorijalni-centar-Faust-Vranicic-10-18x12.jpg 18w\" sizes=\"(max-width: 1000px) 100vw, 1000px\" \/>\t\t\t\t\t<\/div>\n\t\t\t\t\t<div class=\"pg-fixer-content\">\n\t\t\t\t\t\t\t\t\t\t\t<\/div>\n\t\t\t\t\t\t\t\t<a href=\"https:\/\/mc-faustvrancic.com\/wp-content\/uploads\/2024\/05\/Memorijalni-centar-Faust-Vranicic-10.jpg\" class=\"pg-open-lightbox\" data-elementor-open-lightbox=\"yes\" data-elementor-lightbox-title=\"Memorijalni-centar-Faust-Vranicic-10\" data-e-action-hash=\"#elementor-action%3Aaction%3Dlightbox%26settings%3DeyJpZCI6MjA1MywidXJsIjoiaHR0cHM6XC9cL21jLWZhdXN0dnJhbmNpYy5jb21cL3dwLWNvbnRlbnRcL3VwbG9hZHNcLzIwMjRcLzA1XC9NZW1vcmlqYWxuaS1jZW50YXItRmF1c3QtVnJhbmljaWMtMTAuanBnIn0%3D\" data-elementor-lightbox-slideshow=\"pg-fixer-b78a434\"><\/a>\n\t\t\t\t\t\t\t\t<\/div>\n\n\t\t\n\t\t<div class=\"pg-fixer-item pg-item elementor-repeater-item-2e32b0c\">\n\t\t\t\t\t\t\t\t<div class=\"pg-fixer-image-wrap bdt-pg-img-mask\">\n\t\t\t<img loading=\"lazy\" decoding=\"async\" width=\"1000\" height=\"668\" src=\"https:\/\/mc-faustvrancic.com\/wp-content\/uploads\/2024\/05\/Memorijalni-centar-Faust-Vranicic-11.jpg\" class=\"pg-fixer-img\" alt=\"\" srcset=\"https:\/\/mc-faustvrancic.com\/wp-content\/uploads\/2024\/05\/Memorijalni-centar-Faust-Vranicic-11.jpg 1000w, https:\/\/mc-faustvrancic.com\/wp-content\/uploads\/2024\/05\/Memorijalni-centar-Faust-Vranicic-11-300x200.jpg 300w, https:\/\/mc-faustvrancic.com\/wp-content\/uploads\/2024\/05\/Memorijalni-centar-Faust-Vranicic-11-768x513.jpg 768w, https:\/\/mc-faustvrancic.com\/wp-content\/uploads\/2024\/05\/Memorijalni-centar-Faust-Vranicic-11-18x12.jpg 18w\" sizes=\"(max-width: 1000px) 100vw, 1000px\" \/>\t\t\t\t\t<\/div>\n\t\t\t\t\t<div class=\"pg-fixer-content\">\n\t\t\t\t\t\t\t\t\t\t\t<\/div>\n\t\t\t\t\t\t\t\t<a href=\"https:\/\/mc-faustvrancic.com\/wp-content\/uploads\/2024\/05\/Memorijalni-centar-Faust-Vranicic-11.jpg\" class=\"pg-open-lightbox\" data-elementor-open-lightbox=\"yes\" data-elementor-lightbox-title=\"Memorijalni-centar-Faust-Vranicic-11\" data-e-action-hash=\"#elementor-action%3Aaction%3Dlightbox%26settings%3DeyJpZCI6MjA1NCwidXJsIjoiaHR0cHM6XC9cL21jLWZhdXN0dnJhbmNpYy5jb21cL3dwLWNvbnRlbnRcL3VwbG9hZHNcLzIwMjRcLzA1XC9NZW1vcmlqYWxuaS1jZW50YXItRmF1c3QtVnJhbmljaWMtMTEuanBnIn0%3D\" data-elementor-lightbox-slideshow=\"pg-fixer-b78a434\"><\/a>\n\t\t\t\t\t\t\t\t<\/div>\n\n\t\t\n\t\t<div class=\"pg-fixer-item pg-item elementor-repeater-item-afce32c\">\n\t\t\t\t\t\t\t\t<div class=\"pg-fixer-image-wrap bdt-pg-img-mask\">\n\t\t\t<img loading=\"lazy\" decoding=\"async\" width=\"1000\" height=\"668\" src=\"https:\/\/mc-faustvrancic.com\/wp-content\/uploads\/2024\/05\/Memorijalni-centar-Faust-Vranicic-12.jpg\" class=\"pg-fixer-img\" alt=\"\" srcset=\"https:\/\/mc-faustvrancic.com\/wp-content\/uploads\/2024\/05\/Memorijalni-centar-Faust-Vranicic-12.jpg 1000w, https:\/\/mc-faustvrancic.com\/wp-content\/uploads\/2024\/05\/Memorijalni-centar-Faust-Vranicic-12-300x200.jpg 300w, https:\/\/mc-faustvrancic.com\/wp-content\/uploads\/2024\/05\/Memorijalni-centar-Faust-Vranicic-12-768x513.jpg 768w, https:\/\/mc-faustvrancic.com\/wp-content\/uploads\/2024\/05\/Memorijalni-centar-Faust-Vranicic-12-18x12.jpg 18w\" sizes=\"(max-width: 1000px) 100vw, 1000px\" \/>\t\t\t\t\t<\/div>\n\t\t\t\t\t<div class=\"pg-fixer-content\">\n\t\t\t\t\t\t\t\t\t\t\t<\/div>\n\t\t\t\t\t\t\t\t<a href=\"https:\/\/mc-faustvrancic.com\/wp-content\/uploads\/2024\/05\/Memorijalni-centar-Faust-Vranicic-12.jpg\" class=\"pg-open-lightbox\" data-elementor-open-lightbox=\"yes\" data-elementor-lightbox-title=\"Memorijalni-centar-Faust-Vranicic-12\" data-e-action-hash=\"#elementor-action%3Aaction%3Dlightbox%26settings%3DeyJpZCI6MjA1NSwidXJsIjoiaHR0cHM6XC9cL21jLWZhdXN0dnJhbmNpYy5jb21cL3dwLWNvbnRlbnRcL3VwbG9hZHNcLzIwMjRcLzA1XC9NZW1vcmlqYWxuaS1jZW50YXItRmF1c3QtVnJhbmljaWMtMTIuanBnIn0%3D\" data-elementor-lightbox-slideshow=\"pg-fixer-b78a434\"><\/a>\n\t\t\t\t\t\t\t\t<\/div>\n\n\t\t\n\t\t<div class=\"pg-fixer-item pg-item elementor-repeater-item-beff2ae\">\n\t\t\t\t\t\t\t\t<div class=\"pg-fixer-image-wrap bdt-pg-img-mask\">\n\t\t\t<img loading=\"lazy\" decoding=\"async\" width=\"1000\" height=\"668\" src=\"https:\/\/mc-faustvrancic.com\/wp-content\/uploads\/2024\/05\/Memorijalni-centar-Faust-Vranicic-13.jpg\" class=\"pg-fixer-img\" alt=\"\" srcset=\"https:\/\/mc-faustvrancic.com\/wp-content\/uploads\/2024\/05\/Memorijalni-centar-Faust-Vranicic-13.jpg 1000w, https:\/\/mc-faustvrancic.com\/wp-content\/uploads\/2024\/05\/Memorijalni-centar-Faust-Vranicic-13-300x200.jpg 300w, https:\/\/mc-faustvrancic.com\/wp-content\/uploads\/2024\/05\/Memorijalni-centar-Faust-Vranicic-13-768x513.jpg 768w, https:\/\/mc-faustvrancic.com\/wp-content\/uploads\/2024\/05\/Memorijalni-centar-Faust-Vranicic-13-18x12.jpg 18w\" sizes=\"(max-width: 1000px) 100vw, 1000px\" \/>\t\t\t\t\t<\/div>\n\t\t\t\t\t<div class=\"pg-fixer-content\">\n\t\t\t\t\t\t\t\t\t\t\t<\/div>\n\t\t\t\t\t\t\t\t<a href=\"https:\/\/mc-faustvrancic.com\/wp-content\/uploads\/2024\/05\/Memorijalni-centar-Faust-Vranicic-13.jpg\" class=\"pg-open-lightbox\" data-elementor-open-lightbox=\"yes\" data-elementor-lightbox-title=\"Memorijalni-centar-Faust-Vranicic-13\" data-e-action-hash=\"#elementor-action%3Aaction%3Dlightbox%26settings%3DeyJpZCI6MjA1NiwidXJsIjoiaHR0cHM6XC9cL21jLWZhdXN0dnJhbmNpYy5jb21cL3dwLWNvbnRlbnRcL3VwbG9hZHNcLzIwMjRcLzA1XC9NZW1vcmlqYWxuaS1jZW50YXItRmF1c3QtVnJhbmljaWMtMTMuanBnIn0%3D\" data-elementor-lightbox-slideshow=\"pg-fixer-b78a434\"><\/a>\n\t\t\t\t\t\t\t\t<\/div>\n\n\t\t\n\t\t<div class=\"pg-fixer-item pg-item elementor-repeater-item-be3092c\">\n\t\t\t\t\t\t\t\t<div class=\"pg-fixer-image-wrap bdt-pg-img-mask\">\n\t\t\t<img loading=\"lazy\" decoding=\"async\" width=\"1000\" height=\"668\" src=\"https:\/\/mc-faustvrancic.com\/wp-content\/uploads\/2024\/05\/Memorijalni-centar-Faust-Vranicic-14.jpg\" class=\"pg-fixer-img\" alt=\"\" srcset=\"https:\/\/mc-faustvrancic.com\/wp-content\/uploads\/2024\/05\/Memorijalni-centar-Faust-Vranicic-14.jpg 1000w, https:\/\/mc-faustvrancic.com\/wp-content\/uploads\/2024\/05\/Memorijalni-centar-Faust-Vranicic-14-300x200.jpg 300w, https:\/\/mc-faustvrancic.com\/wp-content\/uploads\/2024\/05\/Memorijalni-centar-Faust-Vranicic-14-768x513.jpg 768w, https:\/\/mc-faustvrancic.com\/wp-content\/uploads\/2024\/05\/Memorijalni-centar-Faust-Vranicic-14-18x12.jpg 18w\" sizes=\"(max-width: 1000px) 100vw, 1000px\" \/>\t\t\t\t\t<\/div>\n\t\t\t\t\t<div class=\"pg-fixer-content\">\n\t\t\t\t\t\t\t\t\t\t\t<\/div>\n\t\t\t\t\t\t\t\t<a href=\"https:\/\/mc-faustvrancic.com\/wp-content\/uploads\/2024\/05\/Memorijalni-centar-Faust-Vranicic-14.jpg\" class=\"pg-open-lightbox\" data-elementor-open-lightbox=\"yes\" data-elementor-lightbox-title=\"Memorijalni-centar-Faust-Vranicic-14\" data-e-action-hash=\"#elementor-action%3Aaction%3Dlightbox%26settings%3DeyJpZCI6MjA1NywidXJsIjoiaHR0cHM6XC9cL21jLWZhdXN0dnJhbmNpYy5jb21cL3dwLWNvbnRlbnRcL3VwbG9hZHNcLzIwMjRcLzA1XC9NZW1vcmlqYWxuaS1jZW50YXItRmF1c3QtVnJhbmljaWMtMTQuanBnIn0%3D\" data-elementor-lightbox-slideshow=\"pg-fixer-b78a434\"><\/a>\n\t\t\t\t\t\t\t\t<\/div>\n\n\t\t\n\t\t<div class=\"pg-fixer-item pg-item elementor-repeater-item-eef7cac\">\n\t\t\t\t\t\t\t\t<div class=\"pg-fixer-image-wrap bdt-pg-img-mask\">\n\t\t\t<img loading=\"lazy\" decoding=\"async\" width=\"1000\" height=\"668\" src=\"https:\/\/mc-faustvrancic.com\/wp-content\/uploads\/2024\/05\/Memorijalni-centar-Faust-Vranicic-15.jpg\" class=\"pg-fixer-img\" alt=\"\" srcset=\"https:\/\/mc-faustvrancic.com\/wp-content\/uploads\/2024\/05\/Memorijalni-centar-Faust-Vranicic-15.jpg 1000w, https:\/\/mc-faustvrancic.com\/wp-content\/uploads\/2024\/05\/Memorijalni-centar-Faust-Vranicic-15-300x200.jpg 300w, https:\/\/mc-faustvrancic.com\/wp-content\/uploads\/2024\/05\/Memorijalni-centar-Faust-Vranicic-15-768x513.jpg 768w, https:\/\/mc-faustvrancic.com\/wp-content\/uploads\/2024\/05\/Memorijalni-centar-Faust-Vranicic-15-18x12.jpg 18w\" sizes=\"(max-width: 1000px) 100vw, 1000px\" \/>\t\t\t\t\t<\/div>\n\t\t\t\t\t<div class=\"pg-fixer-content\">\n\t\t\t\t\t\t\t\t\t\t\t<\/div>\n\t\t\t\t\t\t\t\t<a href=\"https:\/\/mc-faustvrancic.com\/wp-content\/uploads\/2024\/05\/Memorijalni-centar-Faust-Vranicic-15.jpg\" class=\"pg-open-lightbox\" data-elementor-open-lightbox=\"yes\" data-elementor-lightbox-title=\"Memorijalni-centar-Faust-Vranicic-15\" data-e-action-hash=\"#elementor-action%3Aaction%3Dlightbox%26settings%3DeyJpZCI6MjA1OCwidXJsIjoiaHR0cHM6XC9cL21jLWZhdXN0dnJhbmNpYy5jb21cL3dwLWNvbnRlbnRcL3VwbG9hZHNcLzIwMjRcLzA1XC9NZW1vcmlqYWxuaS1jZW50YXItRmF1c3QtVnJhbmljaWMtMTUuanBnIn0%3D\" data-elementor-lightbox-slideshow=\"pg-fixer-b78a434\"><\/a>\n\t\t\t\t\t\t\t\t<\/div>\n\n\t\t\n\t\t<div class=\"pg-fixer-item pg-item elementor-repeater-item-4087a3a\">\n\t\t\t\t\t\t\t\t<div class=\"pg-fixer-image-wrap bdt-pg-img-mask\">\n\t\t\t<img loading=\"lazy\" decoding=\"async\" width=\"1000\" height=\"668\" src=\"https:\/\/mc-faustvrancic.com\/wp-content\/uploads\/2024\/05\/Memorijalni-centar-Faust-Vranicic-16.jpg\" class=\"pg-fixer-img\" alt=\"\" srcset=\"https:\/\/mc-faustvrancic.com\/wp-content\/uploads\/2024\/05\/Memorijalni-centar-Faust-Vranicic-16.jpg 1000w, https:\/\/mc-faustvrancic.com\/wp-content\/uploads\/2024\/05\/Memorijalni-centar-Faust-Vranicic-16-300x200.jpg 300w, https:\/\/mc-faustvrancic.com\/wp-content\/uploads\/2024\/05\/Memorijalni-centar-Faust-Vranicic-16-768x513.jpg 768w, https:\/\/mc-faustvrancic.com\/wp-content\/uploads\/2024\/05\/Memorijalni-centar-Faust-Vranicic-16-18x12.jpg 18w\" sizes=\"(max-width: 1000px) 100vw, 1000px\" \/>\t\t\t\t\t<\/div>\n\t\t\t\t\t<div class=\"pg-fixer-content\">\n\t\t\t\t\t\t\t\t\t\t\t<\/div>\n\t\t\t\t\t\t\t\t<a href=\"https:\/\/mc-faustvrancic.com\/wp-content\/uploads\/2024\/05\/Memorijalni-centar-Faust-Vranicic-16.jpg\" class=\"pg-open-lightbox\" data-elementor-open-lightbox=\"yes\" data-elementor-lightbox-title=\"Memorijalni-centar-Faust-Vranicic-16\" data-e-action-hash=\"#elementor-action%3Aaction%3Dlightbox%26settings%3DeyJpZCI6MjA1OSwidXJsIjoiaHR0cHM6XC9cL21jLWZhdXN0dnJhbmNpYy5jb21cL3dwLWNvbnRlbnRcL3VwbG9hZHNcLzIwMjRcLzA1XC9NZW1vcmlqYWxuaS1jZW50YXItRmF1c3QtVnJhbmljaWMtMTYuanBnIn0%3D\" data-elementor-lightbox-slideshow=\"pg-fixer-b78a434\"><\/a>\n\t\t\t\t\t\t\t\t<\/div>\n\n\t\t\n\t\t<div class=\"pg-fixer-item pg-item elementor-repeater-item-414f540\">\n\t\t\t\t\t\t\t\t<div class=\"pg-fixer-image-wrap bdt-pg-img-mask\">\n\t\t\t<img loading=\"lazy\" decoding=\"async\" width=\"1000\" height=\"668\" src=\"https:\/\/mc-faustvrancic.com\/wp-content\/uploads\/2024\/05\/Memorijalni-centar-Faust-Vranicic-17.jpg\" class=\"pg-fixer-img\" alt=\"\" srcset=\"https:\/\/mc-faustvrancic.com\/wp-content\/uploads\/2024\/05\/Memorijalni-centar-Faust-Vranicic-17.jpg 1000w, https:\/\/mc-faustvrancic.com\/wp-content\/uploads\/2024\/05\/Memorijalni-centar-Faust-Vranicic-17-300x200.jpg 300w, https:\/\/mc-faustvrancic.com\/wp-content\/uploads\/2024\/05\/Memorijalni-centar-Faust-Vranicic-17-768x513.jpg 768w, https:\/\/mc-faustvrancic.com\/wp-content\/uploads\/2024\/05\/Memorijalni-centar-Faust-Vranicic-17-18x12.jpg 18w\" sizes=\"(max-width: 1000px) 100vw, 1000px\" \/>\t\t\t\t\t<\/div>\n\t\t\t\t\t<div class=\"pg-fixer-content\">\n\t\t\t\t\t\t\t\t\t\t\t<\/div>\n\t\t\t\t\t\t\t\t<a href=\"https:\/\/mc-faustvrancic.com\/wp-content\/uploads\/2024\/05\/Memorijalni-centar-Faust-Vranicic-17.jpg\" class=\"pg-open-lightbox\" data-elementor-open-lightbox=\"yes\" data-elementor-lightbox-title=\"Memorijalni-centar-Faust-Vranicic-17\" data-e-action-hash=\"#elementor-action%3Aaction%3Dlightbox%26settings%3DeyJpZCI6MjA2MCwidXJsIjoiaHR0cHM6XC9cL21jLWZhdXN0dnJhbmNpYy5jb21cL3dwLWNvbnRlbnRcL3VwbG9hZHNcLzIwMjRcLzA1XC9NZW1vcmlqYWxuaS1jZW50YXItRmF1c3QtVnJhbmljaWMtMTcuanBnIn0%3D\" data-elementor-lightbox-slideshow=\"pg-fixer-b78a434\"><\/a>\n\t\t\t\t\t\t\t\t<\/div>\n\n\t\t\n\t\t<div class=\"pg-fixer-item pg-item elementor-repeater-item-b5c51b6\">\n\t\t\t\t\t\t\t\t<div class=\"pg-fixer-image-wrap bdt-pg-img-mask\">\n\t\t\t<img loading=\"lazy\" decoding=\"async\" width=\"1000\" height=\"668\" src=\"https:\/\/mc-faustvrancic.com\/wp-content\/uploads\/2024\/05\/Memorijalni-centar-Faust-Vranicic-18.jpg\" class=\"pg-fixer-img\" alt=\"\" srcset=\"https:\/\/mc-faustvrancic.com\/wp-content\/uploads\/2024\/05\/Memorijalni-centar-Faust-Vranicic-18.jpg 1000w, https:\/\/mc-faustvrancic.com\/wp-content\/uploads\/2024\/05\/Memorijalni-centar-Faust-Vranicic-18-300x200.jpg 300w, https:\/\/mc-faustvrancic.com\/wp-content\/uploads\/2024\/05\/Memorijalni-centar-Faust-Vranicic-18-768x513.jpg 768w, https:\/\/mc-faustvrancic.com\/wp-content\/uploads\/2024\/05\/Memorijalni-centar-Faust-Vranicic-18-18x12.jpg 18w\" sizes=\"(max-width: 1000px) 100vw, 1000px\" \/>\t\t\t\t\t<\/div>\n\t\t\t\t\t<div class=\"pg-fixer-content\">\n\t\t\t\t\t\t\t\t\t\t\t<\/div>\n\t\t\t\t\t\t\t\t<a href=\"https:\/\/mc-faustvrancic.com\/wp-content\/uploads\/2024\/05\/Memorijalni-centar-Faust-Vranicic-18.jpg\" class=\"pg-open-lightbox\" data-elementor-open-lightbox=\"yes\" data-elementor-lightbox-title=\"Memorijalni-centar-Faust-Vranicic-18\" data-e-action-hash=\"#elementor-action%3Aaction%3Dlightbox%26settings%3DeyJpZCI6MjA2MSwidXJsIjoiaHR0cHM6XC9cL21jLWZhdXN0dnJhbmNpYy5jb21cL3dwLWNvbnRlbnRcL3VwbG9hZHNcLzIwMjRcLzA1XC9NZW1vcmlqYWxuaS1jZW50YXItRmF1c3QtVnJhbmljaWMtMTguanBnIn0%3D\" data-elementor-lightbox-slideshow=\"pg-fixer-b78a434\"><\/a>\n\t\t\t\t\t\t\t\t<\/div>\n\n\t\t\t\t<\/div>\n\t\t\t\t\t\t<\/div>\n\t\t\t\t<\/div>\n\t\t\t\t\t<\/div>\n\t\t\t\t<\/div>\n\t\t<div data-particle_enable=\"false\" data-particle-mobile-disabled=\"false\" class=\"elementor-element elementor-element-94d3cd3 e-flex e-con-boxed e-con e-parent\" data-id=\"94d3cd3\" data-element_type=\"container\">\n\t\t\t\t\t<div class=\"e-con-inner\">\n\t\t\t\t<div class=\"elementor-element elementor-element-030aacb elementor-widget elementor-widget-heading\" data-id=\"030aacb\" data-element_type=\"widget\" data-widget_type=\"heading.default\">\n\t\t\t\t<div class=\"elementor-widget-container\">\n\t\t\t\t\t<h2 class=\"elementor-heading-title elementor-size-default\">Video Gallery<\/h2>\t\t\t\t<\/div>\n\t\t\t\t<\/div>\n\t\t\t\t<div class=\"elementor-element elementor-element-1f9eaf1 elementor-widget-divider--view-line elementor-widget elementor-widget-divider\" data-id=\"1f9eaf1\" data-element_type=\"widget\" data-widget_type=\"divider.default\">\n\t\t\t\t<div class=\"elementor-widget-container\">\n\t\t\t\t\t\t\t<div class=\"elementor-divider\">\n\t\t\t<span class=\"elementor-divider-separator\">\n\t\t\t\t\t\t<\/span>\n\t\t<\/div>\n\t\t\t\t\t\t<\/div>\n\t\t\t\t<\/div>\n\t\t\t\t\t<\/div>\n\t\t\t\t<\/div>\n\t\t<div data-particle_enable=\"false\" data-particle-mobile-disabled=\"false\" class=\"elementor-element elementor-element-6099847 e-flex e-con-boxed e-con e-parent\" data-id=\"6099847\" data-element_type=\"container\">\n\t\t\t\t\t<div class=\"e-con-inner\">\n\t\t<div data-particle_enable=\"false\" data-particle-mobile-disabled=\"false\" class=\"elementor-element elementor-element-86932c9 e-con-full e-flex e-con e-child\" data-id=\"86932c9\" data-element_type=\"container\">\n\t\t\t\t<div class=\"elementor-element elementor-element-742e2dc elementor-widget elementor-widget-video\" data-id=\"742e2dc\" data-element_type=\"widget\" data-settings=\"{&quot;youtube_url&quot;:&quot;https:\\\/\\\/www.youtube.com\\\/watch?v=uucz_vfEbyM&amp;ab_channel=knjazTV&quot;,&quot;show_image_overlay&quot;:&quot;yes&quot;,&quot;image_overlay&quot;:{&quot;url&quot;:&quot;https:\\\/\\\/mc-faustvrancic.com\\\/wp-content\\\/uploads\\\/2024\\\/04\\\/94619295_3044990465563162_2926235714972549120_n.jpg&quot;,&quot;id&quot;:44,&quot;size&quot;:&quot;&quot;,&quot;alt&quot;:&quot;&quot;,&quot;source&quot;:&quot;library&quot;},&quot;video_type&quot;:&quot;youtube&quot;,&quot;controls&quot;:&quot;yes&quot;}\" data-widget_type=\"video.default\">\n\t\t\t\t<div class=\"elementor-widget-container\">\n\t\t\t\t\t\t\t<div class=\"elementor-wrapper elementor-open-inline\">\n\t\t\t<div class=\"elementor-video\"><\/div>\t\t\t\t<div class=\"elementor-custom-embed-image-overlay\" style=\"background-image: url(https:\/\/mc-faustvrancic.com\/wp-content\/uploads\/2024\/04\/94619295_3044990465563162_2926235714972549120_n.jpg);\">\n\t\t\t\t\t\t\t\t\t\t\t\t\t\t\t\t<div class=\"elementor-custom-embed-play\" role=\"button\" aria-label=\"Play Video\" tabindex=\"0\" data-no-translation-aria-label=\"\">\n\t\t\t\t\t\t\t<svg aria-hidden=\"true\" class=\"e-font-icon-svg e-eicon-play\" viewbox=\"0 0 1000 1000\" xmlns=\"http:\/\/www.w3.org\/2000\/svg\"><path d=\"M838 162C746 71 633 25 500 25 371 25 258 71 163 162 71 254 25 367 25 500 25 633 71 746 163 837 254 929 367 979 500 979 633 979 746 933 838 837 929 746 975 633 975 500 975 367 929 254 838 162M808 192C892 279 933 379 933 500 933 621 892 725 808 808 725 892 621 938 500 938 379 938 279 896 196 808 113 725 67 621 67 500 67 379 108 279 196 192 279 108 383 62 500 62 621 62 721 108 808 192M438 392V642L642 517 438 392Z\"><\/path><\/svg>\t\t\t\t\t\t<\/div>\n\t\t\t\t\t\t\t\t\t<\/div>\n\t\t\t\t\t<\/div>\n\t\t\t\t\t\t<\/div>\n\t\t\t\t<\/div>\n\t\t\t\t<\/div>\n\t\t<div data-particle_enable=\"false\" data-particle-mobile-disabled=\"false\" class=\"elementor-element elementor-element-15290cc e-con-full e-flex e-con e-child\" data-id=\"15290cc\" data-element_type=\"container\">\n\t\t\t\t<div class=\"elementor-element elementor-element-3fe7cf5 elementor-widget elementor-widget-video\" data-id=\"3fe7cf5\" data-element_type=\"widget\" data-settings=\"{&quot;youtube_url&quot;:&quot;https:\\\/\\\/www.youtube.com\\\/watch?v=6-DlUSoqppM&amp;ab_channel=PutemEUfondova&quot;,&quot;show_image_overlay&quot;:&quot;yes&quot;,&quot;image_overlay&quot;:{&quot;url&quot;:&quot;https:\\\/\\\/mc-faustvrancic.com\\\/wp-content\\\/uploads\\\/2024\\\/05\\\/21730911_1555672404494983_7705723720819674105_n.jpg&quot;,&quot;id&quot;:1297,&quot;size&quot;:&quot;&quot;,&quot;alt&quot;:&quot;&quot;,&quot;source&quot;:&quot;library&quot;},&quot;video_type&quot;:&quot;youtube&quot;,&quot;controls&quot;:&quot;yes&quot;}\" data-widget_type=\"video.default\">\n\t\t\t\t<div class=\"elementor-widget-container\">\n\t\t\t\t\t\t\t<div class=\"elementor-wrapper elementor-open-inline\">\n\t\t\t<div class=\"elementor-video\"><\/div>\t\t\t\t<div class=\"elementor-custom-embed-image-overlay\" style=\"background-image: url(https:\/\/mc-faustvrancic.com\/wp-content\/uploads\/2024\/05\/21730911_1555672404494983_7705723720819674105_n.jpg);\">\n\t\t\t\t\t\t\t\t\t\t\t\t\t\t\t\t<div class=\"elementor-custom-embed-play\" role=\"button\" aria-label=\"Play Video\" tabindex=\"0\" data-no-translation-aria-label=\"\">\n\t\t\t\t\t\t\t<svg aria-hidden=\"true\" class=\"e-font-icon-svg e-eicon-play\" viewbox=\"0 0 1000 1000\" xmlns=\"http:\/\/www.w3.org\/2000\/svg\"><path d=\"M838 162C746 71 633 25 500 25 371 25 258 71 163 162 71 254 25 367 25 500 25 633 71 746 163 837 254 929 367 979 500 979 633 979 746 933 838 837 929 746 975 633 975 500 975 367 929 254 838 162M808 192C892 279 933 379 933 500 933 621 892 725 808 808 725 892 621 938 500 938 379 938 279 896 196 808 113 725 67 621 67 500 67 379 108 279 196 192 279 108 383 62 500 62 621 62 721 108 808 192M438 392V642L642 517 438 392Z\"><\/path><\/svg>\t\t\t\t\t\t<\/div>\n\t\t\t\t\t\t\t\t\t<\/div>\n\t\t\t\t\t<\/div>\n\t\t\t\t\t\t<\/div>\n\t\t\t\t<\/div>\n\t\t\t\t<\/div>\n\t\t\t\t\t<\/div>\n\t\t\t\t<\/div>\n\t\t\t\t<\/div>","protected":false},"excerpt":{"rendered":"<p>Fotogalerija Videogalerija<\/p>","protected":false},"author":1,"featured_media":0,"parent":69,"menu_order":0,"comment_status":"closed","ping_status":"closed","template":"","meta":{"_acf_changed":false,"footnotes":""},"class_list":["post-2033","page","type-page","status-publish","hentry"],"acf":[],"yoast_head":"<!-- This site is optimized with the Yoast SEO plugin v26.8 - https:\/\/yoast.com\/product\/yoast-seo-wordpress\/ -->\n<title>Foto i Video galerija - Memorijalni centar Faust Vran\u010di\u0107<\/title>\n<meta name=\"robots\" content=\"index, follow, max-snippet:-1, max-image-preview:large, max-video-preview:-1\" \/>\n<link rel=\"canonical\" href=\"https:\/\/mc-faustvrancic.com\/en\/o-nama\/foto-i-video-galerija\/\" \/>\n<meta property=\"og:locale\" content=\"en_GB\" \/>\n<meta property=\"og:type\" content=\"article\" \/>\n<meta property=\"og:title\" content=\"Foto i Video galerija - Memorijalni centar Faust Vran\u010di\u0107\" \/>\n<meta property=\"og:description\" content=\"Fotogalerija Videogalerija\" \/>\n<meta property=\"og:url\" content=\"https:\/\/mc-faustvrancic.com\/en\/o-nama\/foto-i-video-galerija\/\" \/>\n<meta property=\"og:site_name\" content=\"Memorijalni centar Faust Vran\u010di\u0107\" \/>\n<meta property=\"article:publisher\" content=\"https:\/\/web.facebook.com\/mcfaustvrancic\/\" \/>\n<meta property=\"article:modified_time\" content=\"2024-05-26T09:25:42+00:00\" \/>\n<meta property=\"og:image\" content=\"https:\/\/mc-faustvrancic.com\/wp-content\/uploads\/2024\/05\/166596938_3999134663482066_1094344982345372736_n.jpg\" \/>\n<meta name=\"twitter:card\" content=\"summary_large_image\" \/>\n<meta name=\"twitter:label1\" content=\"Estimated reading time\" \/>\n\t<meta name=\"twitter:data1\" content=\"4 minutes\" \/>\n<script type=\"application\/ld+json\" class=\"yoast-schema-graph\">{\"@context\":\"https:\/\/schema.org\",\"@graph\":[{\"@type\":\"WebPage\",\"@id\":\"https:\/\/mc-faustvrancic.com\/o-nama\/foto-i-video-galerija\/\",\"url\":\"https:\/\/mc-faustvrancic.com\/o-nama\/foto-i-video-galerija\/\",\"name\":\"Foto i Video galerija - Memorijalni centar Faust Vran\u010di\u0107\",\"isPartOf\":{\"@id\":\"https:\/\/mc-faustvrancic.com\/#website\"},\"primaryImageOfPage\":{\"@id\":\"https:\/\/mc-faustvrancic.com\/o-nama\/foto-i-video-galerija\/#primaryimage\"},\"image\":{\"@id\":\"https:\/\/mc-faustvrancic.com\/o-nama\/foto-i-video-galerija\/#primaryimage\"},\"thumbnailUrl\":\"https:\/\/mc-faustvrancic.com\/wp-content\/uploads\/2024\/05\/166596938_3999134663482066_1094344982345372736_n.jpg\",\"datePublished\":\"2024-05-25T17:26:24+00:00\",\"dateModified\":\"2024-05-26T09:25:42+00:00\",\"breadcrumb\":{\"@id\":\"https:\/\/mc-faustvrancic.com\/o-nama\/foto-i-video-galerija\/#breadcrumb\"},\"inLanguage\":\"en-GB\",\"potentialAction\":[{\"@type\":\"ReadAction\",\"target\":[\"https:\/\/mc-faustvrancic.com\/o-nama\/foto-i-video-galerija\/\"]}]},{\"@type\":\"ImageObject\",\"inLanguage\":\"en-GB\",\"@id\":\"https:\/\/mc-faustvrancic.com\/o-nama\/foto-i-video-galerija\/#primaryimage\",\"url\":\"https:\/\/mc-faustvrancic.com\/wp-content\/uploads\/2024\/05\/166596938_3999134663482066_1094344982345372736_n.jpg\",\"contentUrl\":\"https:\/\/mc-faustvrancic.com\/wp-content\/uploads\/2024\/05\/166596938_3999134663482066_1094344982345372736_n.jpg\"},{\"@type\":\"BreadcrumbList\",\"@id\":\"https:\/\/mc-faustvrancic.com\/o-nama\/foto-i-video-galerija\/#breadcrumb\",\"itemListElement\":[{\"@type\":\"ListItem\",\"position\":1,\"name\":\"Po\u010detna stranica\",\"item\":\"https:\/\/mc-faustvrancic.com\/\"},{\"@type\":\"ListItem\",\"position\":2,\"name\":\"O nama\",\"item\":\"https:\/\/mc-faustvrancic.com\/o-nama\/\"},{\"@type\":\"ListItem\",\"position\":3,\"name\":\"Foto i Video galerija\"}]},{\"@type\":\"WebSite\",\"@id\":\"https:\/\/mc-faustvrancic.com\/#website\",\"url\":\"https:\/\/mc-faustvrancic.com\/\",\"name\":\"Memorijalni centar Faust Vran\u010di\u0107\",\"description\":\"\",\"publisher\":{\"@id\":\"https:\/\/mc-faustvrancic.com\/#organization\"},\"alternateName\":\"MC Faust Vran\u010di\u0107\",\"potentialAction\":[{\"@type\":\"SearchAction\",\"target\":{\"@type\":\"EntryPoint\",\"urlTemplate\":\"https:\/\/mc-faustvrancic.com\/?s={search_term_string}\"},\"query-input\":{\"@type\":\"PropertyValueSpecification\",\"valueRequired\":true,\"valueName\":\"search_term_string\"}}],\"inLanguage\":\"en-GB\"},{\"@type\":\"Organization\",\"@id\":\"https:\/\/mc-faustvrancic.com\/#organization\",\"name\":\"Memorijalni centar Faust Vran\u010di\u0107\",\"alternateName\":\"MC Faust Vran\u010di\u0107\",\"url\":\"https:\/\/mc-faustvrancic.com\/\",\"logo\":{\"@type\":\"ImageObject\",\"inLanguage\":\"en-GB\",\"@id\":\"https:\/\/mc-faustvrancic.com\/#\/schema\/logo\/image\/\",\"url\":\"https:\/\/mc-faustvrancic.com\/wp-content\/uploads\/2024\/04\/logo-crni.png\",\"contentUrl\":\"https:\/\/mc-faustvrancic.com\/wp-content\/uploads\/2024\/04\/logo-crni.png\",\"width\":265,\"height\":105,\"caption\":\"Memorijalni centar Faust Vran\u010di\u0107\"},\"image\":{\"@id\":\"https:\/\/mc-faustvrancic.com\/#\/schema\/logo\/image\/\"},\"sameAs\":[\"https:\/\/web.facebook.com\/mcfaustvrancic\/\",\"https:\/\/www.instagram.com\/mc_faustvrancic\/?hl=en&fbclid=IwAR3-lbIw4tS0ZANoVqEKrrp9z8DwHtc19D8cB-ZTRDNj_jnack8SHd6OaEA\",\"https:\/\/www.youtube.com\/channel\/UCcG32Ni5Grugo6ZdoE4mXkQ\"]}]}<\/script>\n<!-- \/ Yoast SEO plugin. -->","yoast_head_json":{"title":"Foto i Video galerija - Memorijalni centar Faust Vran\u010di\u0107","robots":{"index":"index","follow":"follow","max-snippet":"max-snippet:-1","max-image-preview":"max-image-preview:large","max-video-preview":"max-video-preview:-1"},"canonical":"https:\/\/mc-faustvrancic.com\/en\/o-nama\/foto-i-video-galerija\/","og_locale":"en_GB","og_type":"article","og_title":"Foto i Video galerija - Memorijalni centar Faust Vran\u010di\u0107","og_description":"Fotogalerija Videogalerija","og_url":"https:\/\/mc-faustvrancic.com\/en\/o-nama\/foto-i-video-galerija\/","og_site_name":"Memorijalni centar Faust Vran\u010di\u0107","article_publisher":"https:\/\/web.facebook.com\/mcfaustvrancic\/","article_modified_time":"2024-05-26T09:25:42+00:00","og_image":[{"url":"https:\/\/mc-faustvrancic.com\/wp-content\/uploads\/2024\/05\/166596938_3999134663482066_1094344982345372736_n.jpg","type":"","width":"","height":""}],"twitter_card":"summary_large_image","twitter_misc":{"Estimated reading time":"4 minutes"},"schema":{"@context":"https:\/\/schema.org","@graph":[{"@type":"WebPage","@id":"https:\/\/mc-faustvrancic.com\/o-nama\/foto-i-video-galerija\/","url":"https:\/\/mc-faustvrancic.com\/o-nama\/foto-i-video-galerija\/","name":"Foto i Video galerija - Memorijalni centar Faust Vran\u010di\u0107","isPartOf":{"@id":"https:\/\/mc-faustvrancic.com\/#website"},"primaryImageOfPage":{"@id":"https:\/\/mc-faustvrancic.com\/o-nama\/foto-i-video-galerija\/#primaryimage"},"image":{"@id":"https:\/\/mc-faustvrancic.com\/o-nama\/foto-i-video-galerija\/#primaryimage"},"thumbnailUrl":"https:\/\/mc-faustvrancic.com\/wp-content\/uploads\/2024\/05\/166596938_3999134663482066_1094344982345372736_n.jpg","datePublished":"2024-05-25T17:26:24+00:00","dateModified":"2024-05-26T09:25:42+00:00","breadcrumb":{"@id":"https:\/\/mc-faustvrancic.com\/o-nama\/foto-i-video-galerija\/#breadcrumb"},"inLanguage":"en-GB","potentialAction":[{"@type":"ReadAction","target":["https:\/\/mc-faustvrancic.com\/o-nama\/foto-i-video-galerija\/"]}]},{"@type":"ImageObject","inLanguage":"en-GB","@id":"https:\/\/mc-faustvrancic.com\/o-nama\/foto-i-video-galerija\/#primaryimage","url":"https:\/\/mc-faustvrancic.com\/wp-content\/uploads\/2024\/05\/166596938_3999134663482066_1094344982345372736_n.jpg","contentUrl":"https:\/\/mc-faustvrancic.com\/wp-content\/uploads\/2024\/05\/166596938_3999134663482066_1094344982345372736_n.jpg"},{"@type":"BreadcrumbList","@id":"https:\/\/mc-faustvrancic.com\/o-nama\/foto-i-video-galerija\/#breadcrumb","itemListElement":[{"@type":"ListItem","position":1,"name":"Po\u010detna stranica","item":"https:\/\/mc-faustvrancic.com\/"},{"@type":"ListItem","position":2,"name":"O nama","item":"https:\/\/mc-faustvrancic.com\/o-nama\/"},{"@type":"ListItem","position":3,"name":"Foto i Video galerija"}]},{"@type":"WebSite","@id":"https:\/\/mc-faustvrancic.com\/#website","url":"https:\/\/mc-faustvrancic.com\/","name":"Memorijalni centar Faust Vran\u010di\u0107","description":"","publisher":{"@id":"https:\/\/mc-faustvrancic.com\/#organization"},"alternateName":"MC Faust Vran\u010di\u0107","potentialAction":[{"@type":"SearchAction","target":{"@type":"EntryPoint","urlTemplate":"https:\/\/mc-faustvrancic.com\/?s={search_term_string}"},"query-input":{"@type":"PropertyValueSpecification","valueRequired":true,"valueName":"search_term_string"}}],"inLanguage":"en-GB"},{"@type":"Organization","@id":"https:\/\/mc-faustvrancic.com\/#organization","name":"Memorijalni centar Faust Vran\u010di\u0107","alternateName":"MC Faust Vran\u010di\u0107","url":"https:\/\/mc-faustvrancic.com\/","logo":{"@type":"ImageObject","inLanguage":"en-GB","@id":"https:\/\/mc-faustvrancic.com\/#\/schema\/logo\/image\/","url":"https:\/\/mc-faustvrancic.com\/wp-content\/uploads\/2024\/04\/logo-crni.png","contentUrl":"https:\/\/mc-faustvrancic.com\/wp-content\/uploads\/2024\/04\/logo-crni.png","width":265,"height":105,"caption":"Memorijalni centar Faust Vran\u010di\u0107"},"image":{"@id":"https:\/\/mc-faustvrancic.com\/#\/schema\/logo\/image\/"},"sameAs":["https:\/\/web.facebook.com\/mcfaustvrancic\/","https:\/\/www.instagram.com\/mc_faustvrancic\/?hl=en&fbclid=IwAR3-lbIw4tS0ZANoVqEKrrp9z8DwHtc19D8cB-ZTRDNj_jnack8SHd6OaEA","https:\/\/www.youtube.com\/channel\/UCcG32Ni5Grugo6ZdoE4mXkQ"]}]}},"_links":{"self":[{"href":"https:\/\/mc-faustvrancic.com\/en\/wp-json\/wp\/v2\/pages\/2033","targetHints":{"allow":["GET"]}}],"collection":[{"href":"https:\/\/mc-faustvrancic.com\/en\/wp-json\/wp\/v2\/pages"}],"about":[{"href":"https:\/\/mc-faustvrancic.com\/en\/wp-json\/wp\/v2\/types\/page"}],"author":[{"embeddable":true,"href":"https:\/\/mc-faustvrancic.com\/en\/wp-json\/wp\/v2\/users\/1"}],"replies":[{"embeddable":true,"href":"https:\/\/mc-faustvrancic.com\/en\/wp-json\/wp\/v2\/comments?post=2033"}],"version-history":[{"count":0,"href":"https:\/\/mc-faustvrancic.com\/en\/wp-json\/wp\/v2\/pages\/2033\/revisions"}],"up":[{"embeddable":true,"href":"https:\/\/mc-faustvrancic.com\/en\/wp-json\/wp\/v2\/pages\/69"}],"wp:attachment":[{"href":"https:\/\/mc-faustvrancic.com\/en\/wp-json\/wp\/v2\/media?parent=2033"}],"curies":[{"name":"wp","href":"https:\/\/api.w.org\/{rel}","templated":true}]}}