{"version":"1.0","provider_name":"Memorijalni centar Faust Vran\u010di\u0107","provider_url":"https:\/\/mc-faustvrancic.com\/en","author_name":"admin","author_url":"https:\/\/mc-faustvrancic.com\/en\/author\/admin\/","title":"U Prvi\u0107 \u0160epurini odr\u017eana edukativna arheolo\u0161ka radionica - Memorijalni centar Faust Vran\u010di\u0107","type":"rich","width":600,"height":338,"html":"<blockquote class=\"wp-embedded-content\" data-secret=\"CUYCDvofFh\"><a href=\"https:\/\/mc-faustvrancic.com\/en\/2024\/06\/19\/u-prvic-sepurini-odrzana-edukativna-arheoloska-radionica\/\">U Prvi\u0107 \u0160epurini odr\u017eana edukativna arheolo\u0161ka radionica<\/a><\/blockquote><iframe sandbox=\"allow-scripts\" security=\"restricted\" src=\"https:\/\/mc-faustvrancic.com\/en\/2024\/06\/19\/u-prvic-sepurini-odrzana-edukativna-arheoloska-radionica\/embed\/#?secret=CUYCDvofFh\" width=\"600\" height=\"338\" title=\"&#8220;U Prvi\u0107 \u0160epurini odr\u017eana edukativna arheolo\u0161ka radionica&#8221; &#8212; Memorijalni centar Faust Vran\u010di\u0107\" data-secret=\"CUYCDvofFh\" frameborder=\"0\" marginwidth=\"0\" marginheight=\"0\" scrolling=\"no\" class=\"wp-embedded-content\"><\/iframe><script>\n\/*! This file is auto-generated *\/\n!function(d,l){\"use strict\";l.querySelector&&d.addEventListener&&\"undefined\"!=typeof URL&&(d.wp=d.wp||{},d.wp.receiveEmbedMessage||(d.wp.receiveEmbedMessage=function(e){var t=e.data;if((t||t.secret||t.message||t.value)&&!\/[^a-zA-Z0-9]\/.test(t.secret)){for(var s,r,n,a=l.querySelectorAll('iframe[data-secret=\"'+t.secret+'\"]'),o=l.querySelectorAll('blockquote[data-secret=\"'+t.secret+'\"]'),c=new RegExp(\"^https?:$\",\"i\"),i=0;i<o.length;i++)o[i].style.display=\"none\";for(i=0;i<a.length;i++)s=a[i],e.source===s.contentWindow&&(s.removeAttribute(\"style\"),\"height\"===t.message?(1e3<(r=parseInt(t.value,10))?r=1e3:~~r<200&&(r=200),s.height=r):\"link\"===t.message&&(r=new URL(s.getAttribute(\"src\")),n=new URL(t.value),c.test(n.protocol))&&n.host===r.host&&l.activeElement===s&&(d.top.location.href=t.value))}},d.addEventListener(\"message\",d.wp.receiveEmbedMessage,!1),l.addEventListener(\"DOMContentLoaded\",function(){for(var e,t,s=l.querySelectorAll(\"iframe.wp-embedded-content\"),r=0;r<s.length;r++)(t=(e=s[r]).getAttribute(\"data-secret\"))||(t=Math.random().toString(36).substring(2,12),e.src+=\"#?secret=\"+t,e.setAttribute(\"data-secret\",t)),e.contentWindow.postMessage({message:\"ready\",secret:t},\"*\")},!1)))}(window,document);\n\/\/# sourceURL=https:\/\/mc-faustvrancic.com\/wp-includes\/js\/wp-embed.min.js\n<\/script>","thumbnail_url":"https:\/\/mc-faustvrancic.com\/wp-content\/uploads\/2024\/06\/440570607_958804719586312_9180825533746490726_n.jpg","thumbnail_width":1440,"thumbnail_height":1079,"description":"U sklopu 29. Edukativne muzejske akcije u \u010detvrtak 2.5. u podru\u010dnoj \u0161koli u Prvi\u0107 \u0160epurini MC Faust Vran\u010di\u0107 je odr\u017eao arheolo\u0161ku radionicu za \u0161kolarce pod vodstvom Ane Pamukovi\u0107.Radionica punog naziva \u201cArheolo\u0161kim kistom po Prvi\u0107u i Zlarinu\u201d pojasnila je u\u010denicima \u0161to su zapravo arheolozi, \u010dime se bave i kako provode istra\u017eivanja. U edukativnom dijelu nau\u010dili su [&hellip;]"}